{"id":3704,"date":"2016-12-23T18:32:19","date_gmt":"2016-12-23T18:32:19","guid":{"rendered":"https:\/\/www.sklep.demarco.pl\/blog\/?page_id=3704"},"modified":"2024-02-20T10:29:07","modified_gmt":"2024-02-20T10:29:07","slug":"metamorfoza","status":"publish","type":"page","link":"https:\/\/www.sklep.demarco.pl\/blog\/","title":{"rendered":"METAMORFOZA"},"content":{"rendered":"<div class=\"wp-block-columns is-layout-flex wp-container-core-columns-is-layout-f56f613f wp-block-columns-is-layout-flex\">\n<div class=\"wp-block-column has-global-padding is-layout-constrained wp-container-core-column-is-layout-2e501546 wp-block-column-is-layout-constrained\" style=\"flex-basis:100%\"><!--themify_builder_content-->\n<div id=\"themify_builder_content-3704\" data-postid=\"3704\" class=\"themify_builder_content themify_builder_content-3704 themify_builder tf_clear\">\n                    <div  data-css_id=\"2emx745\" data-lazy=\"1\" class=\"module_row themify_builder_row fullwidth tb_2emx745 tb_first tf_w\">\n                        <div class=\"row_inner col_align_top tb_col_count_1 tf_box tf_rel\">\n                        <div  data-lazy=\"1\" class=\"module_column tb-column col-full tb_gf1f745 first\">\n                    <!-- module image -->\n<div  class=\"module module-image tb_t3n6745 image-center   tf_mw hover-wow\" data-tf-animation_hover=\"pulse\" data-lazy=\"1\">\n        <div class=\"image-wrap tf_rel tf_mw\">\n            <a href=\"https:\/\/www.sklep.demarco.pl\/blog\">\n                   <img loading=\"lazy\" decoding=\"async\" src=\"https:\/\/www.sklep.demarco.pl\/blog\/wp-content\/uploads\/2022\/06\/signal-2022-06-06-174448_001-281x81.png\" width=\"281\" height=\"81\" class=\"wp-post-image wp-image-7860\" title=\"signal-2022-06-06-174448_001\" alt=\"\">        <\/a>\n    \n        <\/div>\n    <!-- \/image-wrap -->\n    \n        <\/div>\n<!-- \/module image --><!-- module menu -->\n<div  class=\"module module-menu tb_obo0746  mobile-menu-slide\" data-menu-style=\"mobile-menu-slide\" data-menu-breakpoint=\"0\" data-element-id=\"tb_obo0746\" data-lazy=\"1\">\n        \n    <div class=\"module-menu-container\"><ul id=\"menu-sticky-menu-demarco\" class=\"ui tf_clearfix nav tf_rel tf_scrollbar fullwidth transparent\"><li id=\"menu-item-3636\" class=\"menu-item-custom-3636 menu-item menu-item-type-custom menu-item-object-custom menu-item-3636\"><a href=\"https:\/\/www.sklep.demarco.pl\/pl\/\">SKLEP<\/a><\/li>\n<li id=\"menu-item-3635\" class=\"menu-item-page-67 menu-item menu-item-type-post_type menu-item-object-page menu-item-3635\"><a href=\"https:\/\/www.sklep.demarco.pl\/blog\/kontakt\/\">KONTAKT<\/a><\/li>\n<li id=\"menu-item-10831\" class=\"menu-item-custom-10831 menu-item menu-item-type-custom menu-item-object-custom menu-item-10831\"><a href=\"#pll_switcher\">J\u0119zyki<\/a><\/li>\n<\/ul><\/div>        <style>\n            .mobile-menu-module[data-module=\"tb_obo0746\"]{\n                right:-300px            }\n        <\/style>\n    <\/div>\n<!-- \/module menu -->\n        <\/div>\n                        <\/div>\n        <\/div>\n                        <div  data-css_id=\"htau601\" data-lazy=\"1\" class=\"module_row themify_builder_row fullwidth tb_htau601 tf_w\">\n                        <div class=\"row_inner col_align_top tb_col_count_1 tf_box tf_rel\">\n                        <div  data-lazy=\"1\" class=\"module_column tb-column col-full tb_ghtl602 first\">\n                    <!-- module widget -->\n<div  class=\"module module-widget tb_1lp5305  repeat\" data-lazy=\"1\">\n    <\/div>\n<!-- \/module widget -->\n        <\/div>\n                        <\/div>\n        <\/div>\n                        <div  data-css_id=\"0o7n69\" data-lazy=\"1\" class=\"module_row themify_builder_row fullwidth tb_0o7n69 tf_w\">\n                        <div class=\"row_inner col_align_top tb_col_count_1 tf_box tf_rel\">\n                        <div  data-lazy=\"1\" class=\"module_column tb-column col-full tb_absy69 first\">\n                    <!-- module divider -->\n<div  class=\"module tf_mw module-divider tb_qmrj821 solid   \" style=\"border-width: 5px;border-color: #ffffff;\" data-lazy=\"1\">\n    <\/div>\n<!-- \/module divider -->\n<!-- module plain text -->\n<div  class=\"module module-plain-text tb_kivw70 \" data-lazy=\"1\">\n        <div class=\"tb_text_wrap\">\n    <section id=\"wpsp-3713\" class=\" wp-show-posts-columns wp-show-posts\" style=\"\"><article class=\" wp-show-posts-single post-20292 post type-post status-publish format-standard has-post-thumbnail hentry category-metamorfoza tag-de-marco-ekskluzywna-marka tag-de-marco-frydrychowice tag-ekskluzywna-odziez-damska tag-elegancka-odziez-damska-sklep-internetowy tag-luksusowa-odziez-damska tag-markowa-odziez-damska tag-odziez-biurowa tag-odziez-dobrej-jakosci tag-odziez-dyplomatyczna tag-odziez-ekskluzywna tag-odziez-premium-quality tag-poland tag-polscy-projektanci tag-polscy-znani-projektanci tag-polska-firma tag-polska-odziez-damska-sklep-internetowy tag-polska-prezydentowa tag-polska-projektantka tag-polska-projektantka-mody tag-polskie-marki tag-polskie-sukienki-eleganckie wpsp-col-3\" itemtype=\"http:\/\/schema.org\/CreativeWork\" itemscope><div class=\"wp-show-posts-inner\" style=\"\">\t\t<div class=\"wp-show-posts-image  wpsp-image-center \">\n\t\t\t<a href=\"https:\/\/www.sklep.demarco.pl\/blog\/luksusowa-marka-odziezowa-de-marco-sztuka-elegancji-autorstwa-wladyslawy-fraczek\/\"  title=\"Luksusowa marka odzie\u017cowa De Marco \u2013 sztuka elegancji autorstwa W\u0142adys\u0142awy Fr\u0105czek\">\t\t\t\t\t<img decoding=\"async\" src=\"https:\/\/www.sklep.demarco.pl\/blog\/wp-content\/uploads\/2025\/12\/De_marco_najlepsza_pracownia_krawiecka_7-350x350.jpg\" alt=\"Luksusowa marka odzie\u017cowa De Marco \u2013 sztuka elegancji autorstwa W\u0142adys\u0142awy Fr\u0105czek\" itemprop=\"image\" class=\"center\" \/>\n\t\t\t\t<\/a>\t\t<\/div>\n\t\t\t\t\t\t\t\t<header class=\"wp-show-posts-entry-header\">\n\t\t\t\t\t\t\t<h4 class=\"wp-show-posts-entry-title\" itemprop=\"headline\"><a href=\"https:\/\/www.sklep.demarco.pl\/blog\/luksusowa-marka-odziezowa-de-marco-sztuka-elegancji-autorstwa-wladyslawy-fraczek\/\" rel=\"bookmark\">Luksusowa marka odzie\u017cowa De Marco \u2013 sztuka elegancji autorstwa W\u0142adys\u0142awy Fr\u0105czek<\/a><\/h4><div class=\"wp-show-posts-entry-meta wp-show-posts-entry-meta-below-title post-meta-inline\"><span class=\"wp-show-posts-byline wp-show-posts-meta\">\n\t\t\t\t\t<span class=\"wp-show-posts-author vcard\" itemtype=\"http:\/\/schema.org\/Person\" itemscope=\"itemscope\" itemprop=\"author\">\n\t\t\t\t\t\t<a class=\"url fn n\" href=\"https:\/\/www.sklep.demarco.pl\/blog\/author\/de-marco\/\" title=\"View all posts by de marco\" rel=\"author\" itemprop=\"url\">\n\t\t\t\t\t\t\t<span class=\"author-name\" itemprop=\"name\">de marco<\/span>\n\t\t\t\t\t\t<\/a>\n\t\t\t\t\t<\/span>\n\t\t\t\t<\/span> <span class=\"wp-show-posts-separator\">|<\/span> <span class=\"wp-show-posts-posted-on wp-show-posts-meta\">\n\t\t\t\t\t<a href=\"https:\/\/www.sklep.demarco.pl\/blog\/luksusowa-marka-odziezowa-de-marco-sztuka-elegancji-autorstwa-wladyslawy-fraczek\/\" title=\"\" rel=\"bookmark\"><time class=\"wp-show-posts-entry-date published\" datetime=\"2026-09-04T15:08:35+00:00\" itemprop=\"datePublished\"><\/time><time class=\"wp-show-posts-updated\" datetime=\"2026-09-04T15:08:39+00:00\" itemprop=\"dateModified\"><\/time><\/a>\n\t\t\t\t<\/span><\/div>\t\t\t\t\t\t<\/header><!-- .entry-header -->\n\t\t\t\t\t\t\t\t\t\t\t<div class=\"wp-show-posts-entry-summary\" itemprop=\"text\">\n\t\t\t\t\t\t\t<p>Szanowni Pa\u0144stwo, Prawdziwy luksus nie rodzi si\u0119 z nadmiaru ozd\u00f3b ani z pogoni za chwilow\u0105 mod\u0105. Powstaje tam, gdzie spotykaj\u0105 si\u0119 talent artystyczny, mistrzowskie rzemios\u0142o i wieloletnie do\u015bwiadczenie. Tak\u0105 filozofi\u0119&#8230;<\/p>\n\t\t\t\t\t\t<\/div><!-- .entry-summary -->\n\t\t\t\t\t<div class=\"wpsp-read-more\"><a title=\"Luksusowa marka odzie\u017cowa De Marco \u2013 sztuka elegancji autorstwa W\u0142adys\u0142awy Fr\u0105czek\" class=\"wp-show-posts-read-more\" href=\"https:\/\/www.sklep.demarco.pl\/blog\/luksusowa-marka-odziezowa-de-marco-sztuka-elegancji-autorstwa-wladyslawy-fraczek\/\">czytaj dalej...<\/a><\/div><\/div><!-- wp-show-posts-inner --><\/article><article class=\" wp-show-posts-single post-20288 post type-post status-publish format-standard has-post-thumbnail hentry category-metamorfoza tag-ciekawe-spodnice-damskie tag-dluga-spodnica tag-ekskluzywna-spodnica tag-elegancka-spodnica tag-elegancki-komplet-ze-spodnica tag-jak-ubrac-sie-na-przyjecie-weselne-komplety-ze-spodnica tag-komplet-biznesowy-damski tag-komplet-ze-spodnica tag-modna-spodnica tag-musztardowa-spodnica tag-rozkloszowana-spodnica tag-spodnica tag-spodnica-maxi tag-spodnica-midi tag-spodnice-damskie-eleganckie tag-zakiet-ze-spodnica tag-zarna-garsonka-ze-spodnica wpsp-col-3\" itemtype=\"http:\/\/schema.org\/CreativeWork\" itemscope><div class=\"wp-show-posts-inner\" style=\"\">\t\t<div class=\"wp-show-posts-image  wpsp-image-center \">\n\t\t\t<a href=\"https:\/\/www.sklep.demarco.pl\/blog\/najpiekniejsze-komplety-ze-spodnica-na-jesien-2026\/\"  title=\"Najpi\u0119kniejsze komplety ze sp\u00f3dnic\u0105 na jesie\u0144 2026\">\t\t\t\t\t<img decoding=\"async\" src=\"https:\/\/www.sklep.demarco.pl\/blog\/wp-content\/uploads\/2026\/09\/jedwabna-spodnica-_3-350x350.webp\" alt=\"Najpi\u0119kniejsze komplety ze sp\u00f3dnic\u0105 na jesie\u0144 2026\" itemprop=\"image\" class=\"center\" \/>\n\t\t\t\t<\/a>\t\t<\/div>\n\t\t\t\t\t\t\t\t<header class=\"wp-show-posts-entry-header\">\n\t\t\t\t\t\t\t<h4 class=\"wp-show-posts-entry-title\" itemprop=\"headline\"><a href=\"https:\/\/www.sklep.demarco.pl\/blog\/najpiekniejsze-komplety-ze-spodnica-na-jesien-2026\/\" rel=\"bookmark\">Najpi\u0119kniejsze komplety ze sp\u00f3dnic\u0105 na jesie\u0144 2026<\/a><\/h4><div class=\"wp-show-posts-entry-meta wp-show-posts-entry-meta-below-title post-meta-inline\"><span class=\"wp-show-posts-byline wp-show-posts-meta\">\n\t\t\t\t\t<span class=\"wp-show-posts-author vcard\" itemtype=\"http:\/\/schema.org\/Person\" itemscope=\"itemscope\" itemprop=\"author\">\n\t\t\t\t\t\t<a class=\"url fn n\" href=\"https:\/\/www.sklep.demarco.pl\/blog\/author\/de-marco\/\" title=\"View all posts by de marco\" rel=\"author\" itemprop=\"url\">\n\t\t\t\t\t\t\t<span class=\"author-name\" itemprop=\"name\">de marco<\/span>\n\t\t\t\t\t\t<\/a>\n\t\t\t\t\t<\/span>\n\t\t\t\t<\/span> <span class=\"wp-show-posts-separator\">|<\/span> <span class=\"wp-show-posts-posted-on wp-show-posts-meta\">\n\t\t\t\t\t<a href=\"https:\/\/www.sklep.demarco.pl\/blog\/najpiekniejsze-komplety-ze-spodnica-na-jesien-2026\/\" title=\"\" rel=\"bookmark\"><time class=\"wp-show-posts-entry-date published\" datetime=\"2026-09-04T13:06:03+00:00\" itemprop=\"datePublished\"><\/time><time class=\"wp-show-posts-updated\" datetime=\"2026-09-04T13:06:07+00:00\" itemprop=\"dateModified\"><\/time><\/a>\n\t\t\t\t<\/span><\/div>\t\t\t\t\t\t<\/header><!-- .entry-header -->\n\t\t\t\t\t\t\t\t\t\t\t<div class=\"wp-show-posts-entry-summary\" itemprop=\"text\">\n\t\t\t\t\t\t\t<p>Ekskluzywna odzie\u017c damska szyta na miar\u0119 w De Marco Szanowni Pa\u0144stwo, Jesie\u0144 2026 zapowiada powr\u00f3t do prawdziwej elegancji \u2013 mody, kt\u00f3ra nie ulega chwilowym trendom, lecz opiera si\u0119 na doskona\u0142ym&#8230;<\/p>\n\t\t\t\t\t\t<\/div><!-- .entry-summary -->\n\t\t\t\t\t<div class=\"wpsp-read-more\"><a title=\"Najpi\u0119kniejsze komplety ze sp\u00f3dnic\u0105 na jesie\u0144 2026\" class=\"wp-show-posts-read-more\" href=\"https:\/\/www.sklep.demarco.pl\/blog\/najpiekniejsze-komplety-ze-spodnica-na-jesien-2026\/\">czytaj dalej...<\/a><\/div><\/div><!-- wp-show-posts-inner --><\/article><article class=\" wp-show-posts-single post-20283 post type-post status-publish format-standard has-post-thumbnail hentry category-metamorfoza tag-de-marco tag-de-marco-ekskluzywna-marka tag-de-marco-frydrychowice tag-de-marco-kolekcja tag-ekskluzywna-odziez-damska-polskich-producentow tag-ekskluzywny-salon-slubny tag-elegancka-odziez-damska-sklep-internetowy tag-elegancka-rozkloszoawna-sukienka tag-eleganckie-sukienki-na-wesele-dla-mamy-puszystej tag-eleganckie-sukienki-na-wesele-dla-mamy-sklep-warszawa tag-garnitur-damski-dla-mamy-wesela tag-markowa-odziez-damska tag-najlepszy-salon-slubny tag-najmodniejsze-sukienki-dla-mamy tag-oryginalna-sukienka-dla-mamy-wesela tag-salon-mody-de-marco tag-salon-slubny tag-salon-slubny-bielsko-biala tag-salon-slubny-katowice tag-salon-slubny-krakow tag-salon-sukien-slubnych-katowice tag-salon-sukien-slubnych-krakow tag-sklep-de-marco tag-sklep-internetowy tag-sukienka-dla-mamy-wesela tag-sukienki-dla-mamy-i-tesciowej tag-sukienki-na-wesele-dla-mamy-i-tesciowej tag-suknie-dla-mamy-weselnej wpsp-col-3\" itemtype=\"http:\/\/schema.org\/CreativeWork\" itemscope><div class=\"wp-show-posts-inner\" style=\"\">\t\t<div class=\"wp-show-posts-image  wpsp-image-center \">\n\t\t\t<a href=\"https:\/\/www.sklep.demarco.pl\/blog\/nowa-kolekcja-luksusowych-sukienek-na-slub-syna-lub-corki-de-marco\/\"  title=\"Nowa kolekcja luksusowych sukienek na \u015blub syna lub c\u00f3rki \u2013 De Marco\">\t\t\t\t\t<img decoding=\"async\" src=\"https:\/\/www.sklep.demarco.pl\/blog\/wp-content\/uploads\/2026\/09\/De_marco_suknia_max_2-350x350.jpg\" alt=\"Nowa kolekcja luksusowych sukienek na \u015blub syna lub c\u00f3rki \u2013 De Marco\" itemprop=\"image\" class=\"center\" \/>\n\t\t\t\t<\/a>\t\t<\/div>\n\t\t\t\t\t\t\t\t<header class=\"wp-show-posts-entry-header\">\n\t\t\t\t\t\t\t<h4 class=\"wp-show-posts-entry-title\" itemprop=\"headline\"><a href=\"https:\/\/www.sklep.demarco.pl\/blog\/nowa-kolekcja-luksusowych-sukienek-na-slub-syna-lub-corki-de-marco\/\" rel=\"bookmark\">Nowa kolekcja luksusowych sukienek na \u015blub syna lub c\u00f3rki \u2013 De Marco<\/a><\/h4><div class=\"wp-show-posts-entry-meta wp-show-posts-entry-meta-below-title post-meta-inline\"><span class=\"wp-show-posts-byline wp-show-posts-meta\">\n\t\t\t\t\t<span class=\"wp-show-posts-author vcard\" itemtype=\"http:\/\/schema.org\/Person\" itemscope=\"itemscope\" itemprop=\"author\">\n\t\t\t\t\t\t<a class=\"url fn n\" href=\"https:\/\/www.sklep.demarco.pl\/blog\/author\/de-marco\/\" title=\"View all posts by de marco\" rel=\"author\" itemprop=\"url\">\n\t\t\t\t\t\t\t<span class=\"author-name\" itemprop=\"name\">de marco<\/span>\n\t\t\t\t\t\t<\/a>\n\t\t\t\t\t<\/span>\n\t\t\t\t<\/span> <span class=\"wp-show-posts-separator\">|<\/span> <span class=\"wp-show-posts-posted-on wp-show-posts-meta\">\n\t\t\t\t\t<a href=\"https:\/\/www.sklep.demarco.pl\/blog\/nowa-kolekcja-luksusowych-sukienek-na-slub-syna-lub-corki-de-marco\/\" title=\"\" rel=\"bookmark\"><time class=\"wp-show-posts-entry-date published\" datetime=\"2026-09-03T17:30:39+00:00\" itemprop=\"datePublished\"><\/time><time class=\"wp-show-posts-updated\" datetime=\"2026-09-03T17:30:43+00:00\" itemprop=\"dateModified\"><\/time><\/a>\n\t\t\t\t<\/span><\/div>\t\t\t\t\t\t<\/header><!-- .entry-header -->\n\t\t\t\t\t\t\t\t\t\t\t<div class=\"wp-show-posts-entry-summary\" itemprop=\"text\">\n\t\t\t\t\t\t\t<p>Od pocz\u0105tku do ko\u0144ca szyte w Polsce Luksusowe sukienki na \u015blub syna lub c\u00f3rki &#8211; De Marco Atelier W\u0142adys\u0142awy Fr\u0105czek Polskiej projektantki luksusowej odzie\u017cy damskiej Szanowni Pa\u0144stwo, \u015alub dziecka jest&#8230;<\/p>\n\t\t\t\t\t\t<\/div><!-- .entry-summary -->\n\t\t\t\t\t<div class=\"wpsp-read-more\"><a title=\"Nowa kolekcja luksusowych sukienek na \u015blub syna lub c\u00f3rki \u2013 De Marco\" class=\"wp-show-posts-read-more\" href=\"https:\/\/www.sklep.demarco.pl\/blog\/nowa-kolekcja-luksusowych-sukienek-na-slub-syna-lub-corki-de-marco\/\">czytaj dalej...<\/a><\/div><\/div><!-- wp-show-posts-inner --><\/article><article class=\" wp-show-posts-single post-20273 post type-post status-publish format-standard has-post-thumbnail hentry category-metamorfoza tag-jedwabna-sukienka-na-wesele-dla-mamy tag-mama-pana-mlodego tag-mama-panny-mlodej tag-mama-wesela tag-najpiekniejsza-mama-wesele tag-piekne-sukienki-na-komunie-dla-mamy tag-prosta-sukienka-na-wesele-dla-mamy tag-puszysta-mama-wesela tag-slub-corki tag-slub-syna tag-sukienka-dla-mamy-weselnej tag-sukienki-dla-mamy-i-tesciowej tag-sukienki-na-komunie-dla-mamy tag-sukienki-na-wesele-dla-mamy-i-tesciowej tag-suknie-dla-mamy-weselnej tag-weselna-mama wpsp-col-3\" itemtype=\"http:\/\/schema.org\/CreativeWork\" itemscope><div class=\"wp-show-posts-inner\" style=\"\">\t\t<div class=\"wp-show-posts-image  wpsp-image-center \">\n\t\t\t<a href=\"https:\/\/www.sklep.demarco.pl\/blog\/ekskluzywne-sukienki-na-wesele-dla-mamy-najpiekniejsze-kreacje-szyte-na-miare-de-marco\/\"  title=\"Ekskluzywne sukienki na wesele dla mamy \u2013 najpi\u0119kniejsze kreacje szyte na miar\u0119 De Marco\">\t\t\t\t\t<img decoding=\"async\" src=\"https:\/\/www.sklep.demarco.pl\/blog\/wp-content\/uploads\/2026\/09\/suknia_z_rozami_2-350x350.jpg\" alt=\"Ekskluzywne sukienki na wesele dla mamy \u2013 najpi\u0119kniejsze kreacje szyte na miar\u0119 De Marco\" itemprop=\"image\" class=\"center\" \/>\n\t\t\t\t<\/a>\t\t<\/div>\n\t\t\t\t\t\t\t\t<header class=\"wp-show-posts-entry-header\">\n\t\t\t\t\t\t\t<h4 class=\"wp-show-posts-entry-title\" itemprop=\"headline\"><a href=\"https:\/\/www.sklep.demarco.pl\/blog\/ekskluzywne-sukienki-na-wesele-dla-mamy-najpiekniejsze-kreacje-szyte-na-miare-de-marco\/\" rel=\"bookmark\">Ekskluzywne sukienki na wesele dla mamy \u2013 najpi\u0119kniejsze kreacje szyte na miar\u0119 De Marco<\/a><\/h4><div class=\"wp-show-posts-entry-meta wp-show-posts-entry-meta-below-title post-meta-inline\"><span class=\"wp-show-posts-byline wp-show-posts-meta\">\n\t\t\t\t\t<span class=\"wp-show-posts-author vcard\" itemtype=\"http:\/\/schema.org\/Person\" itemscope=\"itemscope\" itemprop=\"author\">\n\t\t\t\t\t\t<a class=\"url fn n\" href=\"https:\/\/www.sklep.demarco.pl\/blog\/author\/de-marco\/\" title=\"View all posts by de marco\" rel=\"author\" itemprop=\"url\">\n\t\t\t\t\t\t\t<span class=\"author-name\" itemprop=\"name\">de marco<\/span>\n\t\t\t\t\t\t<\/a>\n\t\t\t\t\t<\/span>\n\t\t\t\t<\/span> <span class=\"wp-show-posts-separator\">|<\/span> <span class=\"wp-show-posts-posted-on wp-show-posts-meta\">\n\t\t\t\t\t<a href=\"https:\/\/www.sklep.demarco.pl\/blog\/ekskluzywne-sukienki-na-wesele-dla-mamy-najpiekniejsze-kreacje-szyte-na-miare-de-marco\/\" title=\"\" rel=\"bookmark\"><time class=\"wp-show-posts-entry-date published\" datetime=\"2026-09-03T16:11:39+00:00\" itemprop=\"datePublished\"><\/time><time class=\"wp-show-posts-updated\" datetime=\"2026-09-03T16:23:46+00:00\" itemprop=\"dateModified\"><\/time><\/a>\n\t\t\t\t<\/span><\/div>\t\t\t\t\t\t<\/header><!-- .entry-header -->\n\t\t\t\t\t\t\t\t\t\t\t<div class=\"wp-show-posts-entry-summary\" itemprop=\"text\">\n\t\t\t\t\t\t\t<p>Ekskluzywne sukienki na wesele dla mamy Szanowni Pa\u0144stwo, \u015alub syna lub c\u00f3rki to jedno z najbardziej wzruszaj\u0105cych wydarze\u0144 w \u017cyciu rodzica. Przez wiele lat nasze my\u015bli koncentrowa\u0142y si\u0119 na wychowaniu&#8230;<\/p>\n\t\t\t\t\t\t<\/div><!-- .entry-summary -->\n\t\t\t\t\t<div class=\"wpsp-read-more\"><a title=\"Ekskluzywne sukienki na wesele dla mamy \u2013 najpi\u0119kniejsze kreacje szyte na miar\u0119 De Marco\" class=\"wp-show-posts-read-more\" href=\"https:\/\/www.sklep.demarco.pl\/blog\/ekskluzywne-sukienki-na-wesele-dla-mamy-najpiekniejsze-kreacje-szyte-na-miare-de-marco\/\">czytaj dalej...<\/a><\/div><\/div><!-- wp-show-posts-inner --><\/article><article class=\" wp-show-posts-single post-20268 post type-post status-publish format-standard has-post-thumbnail hentry category-metamorfoza tag-ciekawe-stylizacje-na-wesele tag-de-marco tag-de-marco-ekskluzywna-marka tag-dla-mamy-wesela-2 tag-dla-matki-weselnej tag-dlugie-zwiewne-sukienki-na-wesele tag-ekskluzywna-odziez-damska tag-ekskluzywna-odziez-damska-polskich-producentow tag-ekskluzywna-suknia-dla-mamy-wesela tag-elegancka-odziez-damska-sklep-internetowy tag-elegancka-sukienka-dla-50-latki tag-eleganckie-sukienki-na-wesele tag-komplet-sukienka-z-plaszczem tag-mama-wesela tag-mama-wesele-w-spodniach tag-markowa-odziez-damska tag-matka-wesela tag-najpiekniejsza-mama-wesele tag-niepowtarzalne-sukienki-na-wesele tag-oryginalna-sukienka-dla-mamy-wesela tag-sklep-de-marco tag-sklep-internetowy tag-sukienka-dla-mamy-weselnej tag-sukienka-na-wesele-dla-50-latki tag-sukienki-na-wesele-dla-mamy-i-tesciowej tag-wesele tag-wesele-corki tag-wesele-syna tag-wesele-fashion tag-weselna-mama wpsp-col-3\" itemtype=\"http:\/\/schema.org\/CreativeWork\" itemscope><div class=\"wp-show-posts-inner\" style=\"\">\t\t<div class=\"wp-show-posts-image  wpsp-image-center \">\n\t\t\t<a href=\"https:\/\/www.sklep.demarco.pl\/blog\/ekskluzywne-sukienki-na-jesienne-wesele-unikaty-szyte-na-miare-de-marco\/\"  title=\"Ekskluzywne sukienki na jesienne wesele \u2013 unikaty szyte na miar\u0119 De Marco\">\t\t\t\t\t<img decoding=\"async\" src=\"https:\/\/www.sklep.demarco.pl\/blog\/wp-content\/uploads\/2026\/09\/suknia_wieczorowa_2-350x350.jpg\" alt=\"Ekskluzywne sukienki na jesienne wesele \u2013 unikaty szyte na miar\u0119 De Marco\" itemprop=\"image\" class=\"center\" \/>\n\t\t\t\t<\/a>\t\t<\/div>\n\t\t\t\t\t\t\t\t<header class=\"wp-show-posts-entry-header\">\n\t\t\t\t\t\t\t<h4 class=\"wp-show-posts-entry-title\" itemprop=\"headline\"><a href=\"https:\/\/www.sklep.demarco.pl\/blog\/ekskluzywne-sukienki-na-jesienne-wesele-unikaty-szyte-na-miare-de-marco\/\" rel=\"bookmark\">Ekskluzywne sukienki na jesienne wesele \u2013 unikaty szyte na miar\u0119 De Marco<\/a><\/h4><div class=\"wp-show-posts-entry-meta wp-show-posts-entry-meta-below-title post-meta-inline\"><span class=\"wp-show-posts-byline wp-show-posts-meta\">\n\t\t\t\t\t<span class=\"wp-show-posts-author vcard\" itemtype=\"http:\/\/schema.org\/Person\" itemscope=\"itemscope\" itemprop=\"author\">\n\t\t\t\t\t\t<a class=\"url fn n\" href=\"https:\/\/www.sklep.demarco.pl\/blog\/author\/de-marco\/\" title=\"View all posts by de marco\" rel=\"author\" itemprop=\"url\">\n\t\t\t\t\t\t\t<span class=\"author-name\" itemprop=\"name\">de marco<\/span>\n\t\t\t\t\t\t<\/a>\n\t\t\t\t\t<\/span>\n\t\t\t\t<\/span> <span class=\"wp-show-posts-separator\">|<\/span> <span class=\"wp-show-posts-posted-on wp-show-posts-meta\">\n\t\t\t\t\t<a href=\"https:\/\/www.sklep.demarco.pl\/blog\/ekskluzywne-sukienki-na-jesienne-wesele-unikaty-szyte-na-miare-de-marco\/\" title=\"\" rel=\"bookmark\"><time class=\"wp-show-posts-entry-date published\" datetime=\"2026-09-02T10:44:55+00:00\" itemprop=\"datePublished\"><\/time><time class=\"wp-show-posts-updated\" datetime=\"2026-09-02T10:45:01+00:00\" itemprop=\"dateModified\"><\/time><\/a>\n\t\t\t\t<\/span><\/div>\t\t\t\t\t\t<\/header><!-- .entry-header -->\n\t\t\t\t\t\t\t\t\t\t\t<div class=\"wp-show-posts-entry-summary\" itemprop=\"text\">\n\t\t\t\t\t\t\t<p>De Marco sukienki na jesienne wesele Szanowni Pa\u0144stwo, Jesienne wesele nale\u017cy do najbardziej eleganckich uroczysto\u015bci w ca\u0142ym roku. Wrzesie\u0144, pa\u017adziernik i listopad zachwycaj\u0105 szlachetn\u0105 kolorystyk\u0105 natury, subtelnym \u015bwiat\u0142em oraz atmosfer\u0105,&#8230;<\/p>\n\t\t\t\t\t\t<\/div><!-- .entry-summary -->\n\t\t\t\t\t<div class=\"wpsp-read-more\"><a title=\"Ekskluzywne sukienki na jesienne wesele \u2013 unikaty szyte na miar\u0119 De Marco\" class=\"wp-show-posts-read-more\" href=\"https:\/\/www.sklep.demarco.pl\/blog\/ekskluzywne-sukienki-na-jesienne-wesele-unikaty-szyte-na-miare-de-marco\/\">czytaj dalej...<\/a><\/div><\/div><!-- wp-show-posts-inner --><\/article><article class=\" wp-show-posts-single post-20255 post type-post status-publish format-standard has-post-thumbnail hentry category-metamorfoza tag-de-marco-ekskluzywna-marka tag-ekskluzywna-odziez-damska tag-ekskluzywna-odziez-damska-polskich-producentow tag-ekskluzywne-plaszcze-damskie tag-ekskluzywne-plaszcze-damskie-producent tag-ekskluzywny-plaszcz-welniany tag-elegancka-odziez-damska-sklep-internetowy tag-elegancki-plaszcz tag-elegancki-plaszcz-damski tag-eleganckie-komplety-damskie-z-plaszczykiem tag-eleganckie-krotkie-plaszcze-damskie tag-granatowy-plaszcz-dudy tag-komplet-sukienka-z-plaszczem tag-komplety-dla-mamy-wesela-zakiet-z-sukienka-plaszcz-z-sukienka-szal-etole tag-krodki-plaszczyk tag-krotki-plaszcz-damski tag-luksusowe-plaszcze-damskie tag-markowa-odziez-damska tag-plaszcz tag-plaszcz-damski tag-plaszcz-do-sukienki tag-plaszcz-do-sukienki-na-wiosne tag-plaszcz-do-sukienki-w-stylu-agaty-dudy tag-plaszcz-jesienny-damski tag-plaszcz-na-jesien tag-plaszcz-na-wesele tag-plaszcz-na-zime tag-plaszcz-welniany tag-plaszcz-welniany-damski tag-plaszcz-zimowy-damski tag-plaszcze tag-plaszczyk tag-plaszczyk-do-sukienki tag-plaszczyk-na-swieta tag-plaszczyk-z-sukienka wpsp-col-3\" itemtype=\"http:\/\/schema.org\/CreativeWork\" itemscope><div class=\"wp-show-posts-inner\" style=\"\">\t\t<div class=\"wp-show-posts-image  wpsp-image-center \">\n\t\t\t<a href=\"https:\/\/www.sklep.demarco.pl\/blog\/ekskluzywny-plaszczyk-do-sukienki-projektowany-i-szyty-na-miare-w-de-marco\/\"  title=\"Ekskluzywny p\u0142aszczyk do sukienki projektowany i szyty na miar\u0119 w De Marco\">\t\t\t\t\t<img decoding=\"async\" src=\"https:\/\/www.sklep.demarco.pl\/blog\/wp-content\/uploads\/2026\/09\/ekskluzywny_plaszczyk_2-350x350.jpg\" alt=\"Ekskluzywny p\u0142aszczyk do sukienki projektowany i szyty na miar\u0119 w De Marco\" itemprop=\"image\" class=\"center\" \/>\n\t\t\t\t<\/a>\t\t<\/div>\n\t\t\t\t\t\t\t\t<header class=\"wp-show-posts-entry-header\">\n\t\t\t\t\t\t\t<h4 class=\"wp-show-posts-entry-title\" itemprop=\"headline\"><a href=\"https:\/\/www.sklep.demarco.pl\/blog\/ekskluzywny-plaszczyk-do-sukienki-projektowany-i-szyty-na-miare-w-de-marco\/\" rel=\"bookmark\">Ekskluzywny p\u0142aszczyk do sukienki projektowany i szyty na miar\u0119 w De Marco<\/a><\/h4><div class=\"wp-show-posts-entry-meta wp-show-posts-entry-meta-below-title post-meta-inline\"><span class=\"wp-show-posts-byline wp-show-posts-meta\">\n\t\t\t\t\t<span class=\"wp-show-posts-author vcard\" itemtype=\"http:\/\/schema.org\/Person\" itemscope=\"itemscope\" itemprop=\"author\">\n\t\t\t\t\t\t<a class=\"url fn n\" href=\"https:\/\/www.sklep.demarco.pl\/blog\/author\/de-marco\/\" title=\"View all posts by de marco\" rel=\"author\" itemprop=\"url\">\n\t\t\t\t\t\t\t<span class=\"author-name\" itemprop=\"name\">de marco<\/span>\n\t\t\t\t\t\t<\/a>\n\t\t\t\t\t<\/span>\n\t\t\t\t<\/span> <span class=\"wp-show-posts-separator\">|<\/span> <span class=\"wp-show-posts-posted-on wp-show-posts-meta\">\n\t\t\t\t\t<a href=\"https:\/\/www.sklep.demarco.pl\/blog\/ekskluzywny-plaszczyk-do-sukienki-projektowany-i-szyty-na-miare-w-de-marco\/\" title=\"\" rel=\"bookmark\"><time class=\"wp-show-posts-entry-date published\" datetime=\"2026-09-02T09:20:35+00:00\" itemprop=\"datePublished\"><\/time><time class=\"wp-show-posts-updated\" datetime=\"2026-09-02T09:25:33+00:00\" itemprop=\"dateModified\"><\/time><\/a>\n\t\t\t\t<\/span><\/div>\t\t\t\t\t\t<\/header><!-- .entry-header -->\n\t\t\t\t\t\t\t\t\t\t\t<div class=\"wp-show-posts-entry-summary\" itemprop=\"text\">\n\t\t\t\t\t\t\t<p>Szanowni Pa\u0144stwo, S\u0105 elementy garderoby, kt\u00f3re wykraczaj\u0105 daleko poza swoj\u0105 praktyczn\u0105 funkcj\u0119. Ekskluzywny p\u0142aszczyk wizytowy nie jest jedynie okryciem chroni\u0105cym przed ch\u0142odem \u2013 jest zwie\u0144czeniem ca\u0142ej stylizacji, symbolem elegancji oraz&#8230;<\/p>\n\t\t\t\t\t\t<\/div><!-- .entry-summary -->\n\t\t\t\t\t<div class=\"wpsp-read-more\"><a title=\"Ekskluzywny p\u0142aszczyk do sukienki projektowany i szyty na miar\u0119 w De Marco\" class=\"wp-show-posts-read-more\" href=\"https:\/\/www.sklep.demarco.pl\/blog\/ekskluzywny-plaszczyk-do-sukienki-projektowany-i-szyty-na-miare-w-de-marco\/\">czytaj dalej...<\/a><\/div><\/div><!-- wp-show-posts-inner --><\/article><article class=\" wp-show-posts-single post-20245 post type-post status-publish format-standard has-post-thumbnail hentry category-metamorfoza tag-butik-odziez-damska tag-butik-z-elegancka-odzieza-damska tag-de-marco-ekskluzywna-marka tag-ekologiczna-odziez tag-ekskluzywna-odziez tag-ekskluzywna-odziez-damska tag-ekskluzywna-odziez-damska-polskich-producentow tag-ekskluzywna-odziez-damska-producent tag-elegancka-odziez tag-elegancka-odziez-damska tag-elegancka-odziez-damska-sklep-internetowy tag-elegancka-odziez-dla-kobiety tag-luksusowa-odziez-damska tag-marka-premium-odziez tag-markowa-odziez-damska tag-minimalistyczna-marka-odziezowa tag-minimalizm-w-modzie tag-odziez-biurowa tag-odziez-dobrej-jakosci tag-odziez-dyplomatyczna tag-odziez-ekskluzywna tag-odziez-najlepszej-jakosci tag-odziez-premium-quality tag-odziez-wierzchnia tag-odziez-wizytowa tag-ubran-inwestycyjnych tag-ubrania-damskie-do-pracy tag-ubrania-dobrej-jakosci tag-ubrania-inwestycyjne tag-ubrania-najlepszej-jakosci wpsp-col-3\" itemtype=\"http:\/\/schema.org\/CreativeWork\" itemscope><div class=\"wp-show-posts-inner\" style=\"\">\t\t<div class=\"wp-show-posts-image  wpsp-image-center \">\n\t\t\t<a href=\"https:\/\/www.sklep.demarco.pl\/blog\/polskie-eleganckie-ubrania-dla-60-latki-kiedy-jak-nie-teraz\/\"  title=\"Polskie eleganckie ubrania dla 60-latki. Kiedy, jak nie teraz?\">\t\t\t\t\t<img decoding=\"async\" src=\"https:\/\/www.sklep.demarco.pl\/blog\/wp-content\/uploads\/2026\/09\/Elegancki_komplet_2-350x350.jpg\" alt=\"Polskie eleganckie ubrania dla 60-latki. Kiedy, jak nie teraz?\" itemprop=\"image\" class=\"center\" \/>\n\t\t\t\t<\/a>\t\t<\/div>\n\t\t\t\t\t\t\t\t<header class=\"wp-show-posts-entry-header\">\n\t\t\t\t\t\t\t<h4 class=\"wp-show-posts-entry-title\" itemprop=\"headline\"><a href=\"https:\/\/www.sklep.demarco.pl\/blog\/polskie-eleganckie-ubrania-dla-60-latki-kiedy-jak-nie-teraz\/\" rel=\"bookmark\">Polskie eleganckie ubrania dla 60-latki. Kiedy, jak nie teraz?<\/a><\/h4><div class=\"wp-show-posts-entry-meta wp-show-posts-entry-meta-below-title post-meta-inline\"><span class=\"wp-show-posts-byline wp-show-posts-meta\">\n\t\t\t\t\t<span class=\"wp-show-posts-author vcard\" itemtype=\"http:\/\/schema.org\/Person\" itemscope=\"itemscope\" itemprop=\"author\">\n\t\t\t\t\t\t<a class=\"url fn n\" href=\"https:\/\/www.sklep.demarco.pl\/blog\/author\/de-marco\/\" title=\"View all posts by de marco\" rel=\"author\" itemprop=\"url\">\n\t\t\t\t\t\t\t<span class=\"author-name\" itemprop=\"name\">de marco<\/span>\n\t\t\t\t\t\t<\/a>\n\t\t\t\t\t<\/span>\n\t\t\t\t<\/span> <span class=\"wp-show-posts-separator\">|<\/span> <span class=\"wp-show-posts-posted-on wp-show-posts-meta\">\n\t\t\t\t\t<a href=\"https:\/\/www.sklep.demarco.pl\/blog\/polskie-eleganckie-ubrania-dla-60-latki-kiedy-jak-nie-teraz\/\" title=\"\" rel=\"bookmark\"><time class=\"wp-show-posts-entry-date published\" datetime=\"2026-09-01T16:04:22+00:00\" itemprop=\"datePublished\"><\/time><time class=\"wp-show-posts-updated\" datetime=\"2026-09-01T16:04:26+00:00\" itemprop=\"dateModified\"><\/time><\/a>\n\t\t\t\t<\/span><\/div>\t\t\t\t\t\t<\/header><!-- .entry-header -->\n\t\t\t\t\t\t\t\t\t\t\t<div class=\"wp-show-posts-entry-summary\" itemprop=\"text\">\n\t\t\t\t\t\t\t<p>Szanowni Pa\u0144stwo, W \u017cyciu ka\u017cdej kobiety przychodzi pi\u0119kny moment, w kt\u00f3rym warto zada\u0107 sobie jedno bardzo wa\u017cne pytanie: kiedy, jak nie teraz? Przez dziesi\u0119ciolecia troszczymy si\u0119 o wszystkich wok\u00f3\u0142. Oszcz\u0119dzamy&#8230;<\/p>\n\t\t\t\t\t\t<\/div><!-- .entry-summary -->\n\t\t\t\t\t<div class=\"wpsp-read-more\"><a title=\"Polskie eleganckie ubrania dla 60-latki. Kiedy, jak nie teraz?\" class=\"wp-show-posts-read-more\" href=\"https:\/\/www.sklep.demarco.pl\/blog\/polskie-eleganckie-ubrania-dla-60-latki-kiedy-jak-nie-teraz\/\">czytaj dalej...<\/a><\/div><\/div><!-- wp-show-posts-inner --><\/article><article class=\" wp-show-posts-single post-20196 post type-post status-publish format-standard has-post-thumbnail hentry category-metamorfoza tag-de-marco-ekskluzywna-marka tag-de-marco-kolekcja tag-ekskluzywna-odziez-damska tag-ekskluzywna-odziez-damska-polskich-producentow tag-elegancka-odziez-damska-sklep-internetowy tag-markowa-odziez-damska tag-stylizacje-na-jesien wpsp-col-3\" itemtype=\"http:\/\/schema.org\/CreativeWork\" itemscope><div class=\"wp-show-posts-inner\" style=\"\">\t\t<div class=\"wp-show-posts-image  wpsp-image-center \">\n\t\t\t<a href=\"https:\/\/www.sklep.demarco.pl\/blog\/najmodniejsze-stylizacje-na-jesien-dla-eleganckiej-kobiety-luksusowa-moda-z-charakterem\/\"  title=\"Najmodniejsze stylizacje na jesie\u0144 dla eleganckiej kobiety \u2013 luksusowa moda z charakterem\">\t\t\t\t\t<img decoding=\"async\" src=\"https:\/\/www.sklep.demarco.pl\/blog\/wp-content\/uploads\/2026\/08\/swiat-daje-Ci-scene-350x350.jpg\" alt=\"Najmodniejsze stylizacje na jesie\u0144 dla eleganckiej kobiety \u2013 luksusowa moda z charakterem\" itemprop=\"image\" class=\"center\" \/>\n\t\t\t\t<\/a>\t\t<\/div>\n\t\t\t\t\t\t\t\t<header class=\"wp-show-posts-entry-header\">\n\t\t\t\t\t\t\t<h4 class=\"wp-show-posts-entry-title\" itemprop=\"headline\"><a href=\"https:\/\/www.sklep.demarco.pl\/blog\/najmodniejsze-stylizacje-na-jesien-dla-eleganckiej-kobiety-luksusowa-moda-z-charakterem\/\" rel=\"bookmark\">Najmodniejsze stylizacje na jesie\u0144 dla eleganckiej kobiety \u2013 luksusowa moda z charakterem<\/a><\/h4><div class=\"wp-show-posts-entry-meta wp-show-posts-entry-meta-below-title post-meta-inline\"><span class=\"wp-show-posts-byline wp-show-posts-meta\">\n\t\t\t\t\t<span class=\"wp-show-posts-author vcard\" itemtype=\"http:\/\/schema.org\/Person\" itemscope=\"itemscope\" itemprop=\"author\">\n\t\t\t\t\t\t<a class=\"url fn n\" href=\"https:\/\/www.sklep.demarco.pl\/blog\/author\/de-marco\/\" title=\"View all posts by de marco\" rel=\"author\" itemprop=\"url\">\n\t\t\t\t\t\t\t<span class=\"author-name\" itemprop=\"name\">de marco<\/span>\n\t\t\t\t\t\t<\/a>\n\t\t\t\t\t<\/span>\n\t\t\t\t<\/span> <span class=\"wp-show-posts-separator\">|<\/span> <span class=\"wp-show-posts-posted-on wp-show-posts-meta\">\n\t\t\t\t\t<a href=\"https:\/\/www.sklep.demarco.pl\/blog\/najmodniejsze-stylizacje-na-jesien-dla-eleganckiej-kobiety-luksusowa-moda-z-charakterem\/\" title=\"\" rel=\"bookmark\"><time class=\"wp-show-posts-entry-date published\" datetime=\"2026-09-01T12:05:32+00:00\" itemprop=\"datePublished\"><\/time><time class=\"wp-show-posts-updated\" datetime=\"2026-09-01T16:40:03+00:00\" itemprop=\"dateModified\"><\/time><\/a>\n\t\t\t\t<\/span><\/div>\t\t\t\t\t\t<\/header><!-- .entry-header -->\n\t\t\t\t\t\t\t\t\t\t\t<div class=\"wp-show-posts-entry-summary\" itemprop=\"text\">\n\t\t\t\t\t\t\t<p>Szanowni Pa\u0144stwo, Jesie\u0144 od zawsze nale\u017ca\u0142a do najbardziej szlachetnych sezon\u00f3w w modzie. To w\u0142a\u015bnie wtedy kobieca garderoba zyskuje g\u0142\u0119bi\u0119, a elegancja staje si\u0119 naturalnym j\u0119zykiem codzienno\u015bci. Dla dojrza\u0142ej kobiety dobrze&#8230;<\/p>\n\t\t\t\t\t\t<\/div><!-- .entry-summary -->\n\t\t\t\t\t<div class=\"wpsp-read-more\"><a title=\"Najmodniejsze stylizacje na jesie\u0144 dla eleganckiej kobiety \u2013 luksusowa moda z charakterem\" class=\"wp-show-posts-read-more\" href=\"https:\/\/www.sklep.demarco.pl\/blog\/najmodniejsze-stylizacje-na-jesien-dla-eleganckiej-kobiety-luksusowa-moda-z-charakterem\/\">czytaj dalej...<\/a><\/div><\/div><!-- wp-show-posts-inner --><\/article><article class=\" wp-show-posts-single post-20224 post type-post status-publish format-standard has-post-thumbnail hentry category-metamorfoza tag-de-marco-ekskluzywna-marka tag-de-marco-frydrychowice tag-ekskluzywna-odziez-damska-polskich-producentow tag-ekskluzywne-ubrania tag-ekskluzywne-ubrania-butik tag-ekskluzywne-ubrania-damskie tag-ekskluzywne-ubrania-sklep tag-elegancka-odziez-damska-sklep-internetowy tag-eleganckie-ubrania tag-eleganckie-ubrania-damskie-do-pracy tag-eleganckie-ubrania-dla-30-latki tag-eleganckie-ubrania-dla-40-latki tag-eleganckie-ubranie-damskie tag-jak-sie-ubrac-na-gale-rozdania-nagrod tag-jak-sie-ubrac-na-komunie-dziecka-zdjecia tag-sklep-de-marco tag-sklep-internetowy tag-ubran-inwestycyjnych tag-ubrania-damskie-do-pracy tag-ubrania-dla-polityczek tag-ubrania-dobrej-jakosci tag-ubrania-inwestycyjne tag-ubrania-najlepszej-jakosci tag-ubrania-z-jedwabiu-naturalnego wpsp-col-3\" itemtype=\"http:\/\/schema.org\/CreativeWork\" itemscope><div class=\"wp-show-posts-inner\" style=\"\">\t\t<div class=\"wp-show-posts-image  wpsp-image-center \">\n\t\t\t<a href=\"https:\/\/www.sklep.demarco.pl\/blog\/eleganckie-ubrania-damskie-na-targi-branzowe-jak-profesjonalnie-prezentowac-swoja-firme\/\"  title=\"Eleganckie ubrania damskie na targi bran\u017cowe \u2013 jak profesjonalnie prezentowa\u0107 swoj\u0105 firm\u0119?\">\t\t\t\t\t<img decoding=\"async\" src=\"https:\/\/www.sklep.demarco.pl\/blog\/wp-content\/uploads\/2026\/09\/garsonka_popielata_demarco_2-350x350.jpg\" alt=\"Eleganckie ubrania damskie na targi bran\u017cowe \u2013 jak profesjonalnie prezentowa\u0107 swoj\u0105 firm\u0119?\" itemprop=\"image\" class=\"center\" \/>\n\t\t\t\t<\/a>\t\t<\/div>\n\t\t\t\t\t\t\t\t<header class=\"wp-show-posts-entry-header\">\n\t\t\t\t\t\t\t<h4 class=\"wp-show-posts-entry-title\" itemprop=\"headline\"><a href=\"https:\/\/www.sklep.demarco.pl\/blog\/eleganckie-ubrania-damskie-na-targi-branzowe-jak-profesjonalnie-prezentowac-swoja-firme\/\" rel=\"bookmark\">Eleganckie ubrania damskie na targi bran\u017cowe \u2013 jak profesjonalnie prezentowa\u0107 swoj\u0105 firm\u0119?<\/a><\/h4><div class=\"wp-show-posts-entry-meta wp-show-posts-entry-meta-below-title post-meta-inline\"><span class=\"wp-show-posts-byline wp-show-posts-meta\">\n\t\t\t\t\t<span class=\"wp-show-posts-author vcard\" itemtype=\"http:\/\/schema.org\/Person\" itemscope=\"itemscope\" itemprop=\"author\">\n\t\t\t\t\t\t<a class=\"url fn n\" href=\"https:\/\/www.sklep.demarco.pl\/blog\/author\/de-marco\/\" title=\"View all posts by de marco\" rel=\"author\" itemprop=\"url\">\n\t\t\t\t\t\t\t<span class=\"author-name\" itemprop=\"name\">de marco<\/span>\n\t\t\t\t\t\t<\/a>\n\t\t\t\t\t<\/span>\n\t\t\t\t<\/span> <span class=\"wp-show-posts-separator\">|<\/span> <span class=\"wp-show-posts-posted-on wp-show-posts-meta\">\n\t\t\t\t\t<a href=\"https:\/\/www.sklep.demarco.pl\/blog\/eleganckie-ubrania-damskie-na-targi-branzowe-jak-profesjonalnie-prezentowac-swoja-firme\/\" title=\"\" rel=\"bookmark\"><time class=\"wp-show-posts-entry-date published\" datetime=\"2026-09-01T10:57:43+00:00\" itemprop=\"datePublished\"><\/time><time class=\"wp-show-posts-updated\" datetime=\"2026-09-01T12:13:52+00:00\" itemprop=\"dateModified\"><\/time><\/a>\n\t\t\t\t<\/span><\/div>\t\t\t\t\t\t<\/header><!-- .entry-header -->\n\t\t\t\t\t\t\t\t\t\t\t<div class=\"wp-show-posts-entry-summary\" itemprop=\"text\">\n\t\t\t\t\t\t\t<p>Eleganckie ubrania damskie szyte w Polsce De Marco \u2013 projektowanie i szycie na miar\u0119 Szanowni Pa\u0144stwo, Targi bran\u017cowe nale\u017c\u0105 do najwa\u017cniejszych wydarze\u0144 w \u017cyciu ka\u017cdej firmy. To w\u0142a\u015bnie tam nawi\u0105zuj\u0105&#8230;<\/p>\n\t\t\t\t\t\t<\/div><!-- .entry-summary -->\n\t\t\t\t\t<div class=\"wpsp-read-more\"><a title=\"Eleganckie ubrania damskie na targi bran\u017cowe \u2013 jak profesjonalnie prezentowa\u0107 swoj\u0105 firm\u0119?\" class=\"wp-show-posts-read-more\" href=\"https:\/\/www.sklep.demarco.pl\/blog\/eleganckie-ubrania-damskie-na-targi-branzowe-jak-profesjonalnie-prezentowac-swoja-firme\/\">czytaj dalej...<\/a><\/div><\/div><!-- wp-show-posts-inner --><\/article><article class=\" wp-show-posts-single post-20213 post type-post status-publish format-standard has-post-thumbnail hentry category-metamorfoza tag-de-marco tag-de-marco-ekskluzywna-marka tag-de-marco-kolekcja tag-ekskluzywna-odziez-damska tag-ekskluzywna-odziez-damska-polskich-producentow tag-ekskluzywne-sukienki-wizytowe tag-elegancka-odziez-damska-sklep-internetowy tag-elegancka-sukienka-wizytowa tag-eleganckie-sukienki-wizytowe tag-garsonka-wizytowa tag-markowa-odziez-damska tag-sklep-de-marco tag-sklep-internetowy tag-wizyta-wyjatkowych-gosci tag-wizytowa-sukienka wpsp-col-3\" itemtype=\"http:\/\/schema.org\/CreativeWork\" itemscope><div class=\"wp-show-posts-inner\" style=\"\">\t\t<div class=\"wp-show-posts-image  wpsp-image-center \">\n\t\t\t<a href=\"https:\/\/www.sklep.demarco.pl\/blog\/elegancka-sukienka-wizytowa-na-jesien-de-marco-luksusowa-polska-marka-szyjaca-na-miare\/\"  title=\"Elegancka sukienka wizytowa na jesie\u0144 \u2013 De Marco. Luksusowa polska marka szyj\u0105ca na miar\u0119\">\t\t\t\t\t<img decoding=\"async\" src=\"https:\/\/www.sklep.demarco.pl\/blog\/wp-content\/uploads\/2026\/08\/jesienna_sukienka_2-350x350.jpg\" alt=\"Elegancka sukienka wizytowa na jesie\u0144 \u2013 De Marco. Luksusowa polska marka szyj\u0105ca na miar\u0119\" itemprop=\"image\" class=\"center\" \/>\n\t\t\t\t<\/a>\t\t<\/div>\n\t\t\t\t\t\t\t\t<header class=\"wp-show-posts-entry-header\">\n\t\t\t\t\t\t\t<h4 class=\"wp-show-posts-entry-title\" itemprop=\"headline\"><a href=\"https:\/\/www.sklep.demarco.pl\/blog\/elegancka-sukienka-wizytowa-na-jesien-de-marco-luksusowa-polska-marka-szyjaca-na-miare\/\" rel=\"bookmark\">Elegancka sukienka wizytowa na jesie\u0144 \u2013 De Marco. Luksusowa polska marka szyj\u0105ca na miar\u0119<\/a><\/h4><div class=\"wp-show-posts-entry-meta wp-show-posts-entry-meta-below-title post-meta-inline\"><span class=\"wp-show-posts-byline wp-show-posts-meta\">\n\t\t\t\t\t<span class=\"wp-show-posts-author vcard\" itemtype=\"http:\/\/schema.org\/Person\" itemscope=\"itemscope\" itemprop=\"author\">\n\t\t\t\t\t\t<a class=\"url fn n\" href=\"https:\/\/www.sklep.demarco.pl\/blog\/author\/de-marco\/\" title=\"View all posts by de marco\" rel=\"author\" itemprop=\"url\">\n\t\t\t\t\t\t\t<span class=\"author-name\" itemprop=\"name\">de marco<\/span>\n\t\t\t\t\t\t<\/a>\n\t\t\t\t\t<\/span>\n\t\t\t\t<\/span> <span class=\"wp-show-posts-separator\">|<\/span> <span class=\"wp-show-posts-posted-on wp-show-posts-meta\">\n\t\t\t\t\t<a href=\"https:\/\/www.sklep.demarco.pl\/blog\/elegancka-sukienka-wizytowa-na-jesien-de-marco-luksusowa-polska-marka-szyjaca-na-miare\/\" title=\"\" rel=\"bookmark\"><time class=\"wp-show-posts-entry-date published\" datetime=\"2026-08-30T19:15:25+00:00\" itemprop=\"datePublished\"><\/time><time class=\"wp-show-posts-updated\" datetime=\"2026-08-30T19:15:29+00:00\" itemprop=\"dateModified\"><\/time><\/a>\n\t\t\t\t<\/span><\/div>\t\t\t\t\t\t<\/header><!-- .entry-header -->\n\t\t\t\t\t\t\t\t\t\t\t<div class=\"wp-show-posts-entry-summary\" itemprop=\"text\">\n\t\t\t\t\t\t\t<p>Szanowni Pa\u0144stwo, Jesie\u0144 to wyj\u0105tkowa pora roku, w kt\u00f3rej elegancja nabiera szczeg\u00f3lnego znaczenia. Szlachetne kolory, mi\u0119kkie \u015bwiat\u0142o i bogactwo luksusowych tkanin tworz\u0105 idealne t\u0142o dla stylizacji pe\u0142nych klasy i wyrafinowania&#8230;.<\/p>\n\t\t\t\t\t\t<\/div><!-- .entry-summary -->\n\t\t\t\t\t<div class=\"wpsp-read-more\"><a title=\"Elegancka sukienka wizytowa na jesie\u0144 \u2013 De Marco. Luksusowa polska marka szyj\u0105ca na miar\u0119\" class=\"wp-show-posts-read-more\" href=\"https:\/\/www.sklep.demarco.pl\/blog\/elegancka-sukienka-wizytowa-na-jesien-de-marco-luksusowa-polska-marka-szyjaca-na-miare\/\">czytaj dalej...<\/a><\/div><\/div><!-- wp-show-posts-inner --><\/article><article class=\" wp-show-posts-single post-20209 post type-post status-publish format-standard has-post-thumbnail hentry category-metamorfoza tag-butik-de-marco tag-de-marco tag-de-marco-ekskluzywna-marka tag-de-marco-frydrychowice tag-de-marco-garnitur-damki tag-de-marco-opinie tag-de-marco-kolekcja tag-demarco-frydrychowice tag-ekskluzywna-odziez-damska tag-ekskluzywna-odziez-damska-polskich-producentow tag-elegancka-odziez-damska-sklep-internetowy tag-garsonki-i-kostiumy-damskie-de-marco tag-marka-premium tag-marka-premium-odziez tag-markowa-odziez-damska tag-markowe-eleganckie-sukienki-wizytowe tag-markowe-ubrania tag-marynarka tag-marynarka-damska tag-marynarki tag-marynarki-damskie tag-sklep-de-marco tag-sklep-internetowy wpsp-col-3\" itemtype=\"http:\/\/schema.org\/CreativeWork\" itemscope><div class=\"wp-show-posts-inner\" style=\"\">\t\t<div class=\"wp-show-posts-image  wpsp-image-center \">\n\t\t\t<a href=\"https:\/\/www.sklep.demarco.pl\/blog\/eleganckie-taliowane-zakiety-i-marynarki-moda-dla-kobiet-noszacych-sie-z-klasa\/\"  title=\"Eleganckie taliowane \u017cakiety i marynarki \u2013 moda dla kobiet nosz\u0105cych si\u0119 z klas\u0105\">\t\t\t\t\t<img decoding=\"async\" src=\"https:\/\/www.sklep.demarco.pl\/blog\/wp-content\/uploads\/2026\/08\/komplet_ze_spodniami_1-1-350x350.jpg\" alt=\"Eleganckie taliowane \u017cakiety i marynarki \u2013 moda dla kobiet nosz\u0105cych si\u0119 z klas\u0105\" itemprop=\"image\" class=\"center\" \/>\n\t\t\t\t<\/a>\t\t<\/div>\n\t\t\t\t\t\t\t\t<header class=\"wp-show-posts-entry-header\">\n\t\t\t\t\t\t\t<h4 class=\"wp-show-posts-entry-title\" itemprop=\"headline\"><a href=\"https:\/\/www.sklep.demarco.pl\/blog\/eleganckie-taliowane-zakiety-i-marynarki-moda-dla-kobiet-noszacych-sie-z-klasa\/\" rel=\"bookmark\">Eleganckie taliowane \u017cakiety i marynarki \u2013 moda dla kobiet nosz\u0105cych si\u0119 z klas\u0105<\/a><\/h4><div class=\"wp-show-posts-entry-meta wp-show-posts-entry-meta-below-title post-meta-inline\"><span class=\"wp-show-posts-byline wp-show-posts-meta\">\n\t\t\t\t\t<span class=\"wp-show-posts-author vcard\" itemtype=\"http:\/\/schema.org\/Person\" itemscope=\"itemscope\" itemprop=\"author\">\n\t\t\t\t\t\t<a class=\"url fn n\" href=\"https:\/\/www.sklep.demarco.pl\/blog\/author\/de-marco\/\" title=\"View all posts by de marco\" rel=\"author\" itemprop=\"url\">\n\t\t\t\t\t\t\t<span class=\"author-name\" itemprop=\"name\">de marco<\/span>\n\t\t\t\t\t\t<\/a>\n\t\t\t\t\t<\/span>\n\t\t\t\t<\/span> <span class=\"wp-show-posts-separator\">|<\/span> <span class=\"wp-show-posts-posted-on wp-show-posts-meta\">\n\t\t\t\t\t<a href=\"https:\/\/www.sklep.demarco.pl\/blog\/eleganckie-taliowane-zakiety-i-marynarki-moda-dla-kobiet-noszacych-sie-z-klasa\/\" title=\"\" rel=\"bookmark\"><time class=\"wp-show-posts-entry-date published\" datetime=\"2026-08-30T18:09:49+00:00\" itemprop=\"datePublished\"><\/time><time class=\"wp-show-posts-updated\" datetime=\"2026-08-30T18:09:52+00:00\" itemprop=\"dateModified\"><\/time><\/a>\n\t\t\t\t<\/span><\/div>\t\t\t\t\t\t<\/header><!-- .entry-header -->\n\t\t\t\t\t\t\t\t\t\t\t<div class=\"wp-show-posts-entry-summary\" itemprop=\"text\">\n\t\t\t\t\t\t\t<p>Eleganckie taliowane \u017cakiety i marynarki szyte na miar\u0119 w De Marco Szanowni Pa\u0144stwo, S\u0105 elementy garderoby, kt\u00f3re nigdy nie wychodz\u0105 z mody. Do nich bez w\u0105tpienia nale\u017c\u0105 eleganckie taliowane \u017cakiety&#8230;<\/p>\n\t\t\t\t\t\t<\/div><!-- .entry-summary -->\n\t\t\t\t\t<div class=\"wpsp-read-more\"><a title=\"Eleganckie taliowane \u017cakiety i marynarki \u2013 moda dla kobiet nosz\u0105cych si\u0119 z klas\u0105\" class=\"wp-show-posts-read-more\" href=\"https:\/\/www.sklep.demarco.pl\/blog\/eleganckie-taliowane-zakiety-i-marynarki-moda-dla-kobiet-noszacych-sie-z-klasa\/\">czytaj dalej...<\/a><\/div><\/div><!-- wp-show-posts-inner --><\/article><article class=\" wp-show-posts-single post-20202 post type-post status-publish format-standard has-post-thumbnail hentry category-metamorfoza tag-dla-mamy-wesela-2 tag-ekskluzywna-suknia-dla-mamy-wesela tag-mama-pana-mlodego tag-mama-panny-mlodej tag-mama-wesela tag-mama-weselna tag-mamy-panny-mlodej tag-najmodniejsza-stylizacja-dla-mamy-wesela tag-piekne-sukienki-na-komunie-dla-mamy tag-prosta-sukienka-na-wesele-dla-mamy tag-stylizacja-na-wesele-dla-mamy tag-sukienka-dla-mamy-wesela tag-sukienki-dla-mamy-i-tesciowej tag-sukienki-na-wesele-dla-mamy-i-tesciowej tag-suknie-dla-mamy-weselnej tag-weselna-mama wpsp-col-3\" itemtype=\"http:\/\/schema.org\/CreativeWork\" itemscope><div class=\"wp-show-posts-inner\" style=\"\">\t\t<div class=\"wp-show-posts-image  wpsp-image-center \">\n\t\t\t<a href=\"https:\/\/www.sklep.demarco.pl\/blog\/najpiekniejsze-sukienki-na-wesele-dla-mamy-i-tesciowej-de-marco-szycie-na-miare\/\"  title=\"Najpi\u0119kniejsze sukienki na wesele dla mamy i te\u015bciowej \u2013 De Marco szycie na miar\u0119\">\t\t\t\t\t<img decoding=\"async\" src=\"https:\/\/www.sklep.demarco.pl\/blog\/wp-content\/uploads\/2026\/05\/suknia_dla_mamy_1a-350x350.jpg\" alt=\"Najpi\u0119kniejsze sukienki na wesele dla mamy i te\u015bciowej \u2013 De Marco szycie na miar\u0119\" itemprop=\"image\" class=\"center\" \/>\n\t\t\t\t<\/a>\t\t<\/div>\n\t\t\t\t\t\t\t\t<header class=\"wp-show-posts-entry-header\">\n\t\t\t\t\t\t\t<h4 class=\"wp-show-posts-entry-title\" itemprop=\"headline\"><a href=\"https:\/\/www.sklep.demarco.pl\/blog\/najpiekniejsze-sukienki-na-wesele-dla-mamy-i-tesciowej-de-marco-szycie-na-miare\/\" rel=\"bookmark\">Najpi\u0119kniejsze sukienki na wesele dla mamy i te\u015bciowej \u2013 De Marco szycie na miar\u0119<\/a><\/h4><div class=\"wp-show-posts-entry-meta wp-show-posts-entry-meta-below-title post-meta-inline\"><span class=\"wp-show-posts-byline wp-show-posts-meta\">\n\t\t\t\t\t<span class=\"wp-show-posts-author vcard\" itemtype=\"http:\/\/schema.org\/Person\" itemscope=\"itemscope\" itemprop=\"author\">\n\t\t\t\t\t\t<a class=\"url fn n\" href=\"https:\/\/www.sklep.demarco.pl\/blog\/author\/de-marco\/\" title=\"View all posts by de marco\" rel=\"author\" itemprop=\"url\">\n\t\t\t\t\t\t\t<span class=\"author-name\" itemprop=\"name\">de marco<\/span>\n\t\t\t\t\t\t<\/a>\n\t\t\t\t\t<\/span>\n\t\t\t\t<\/span> <span class=\"wp-show-posts-separator\">|<\/span> <span class=\"wp-show-posts-posted-on wp-show-posts-meta\">\n\t\t\t\t\t<a href=\"https:\/\/www.sklep.demarco.pl\/blog\/najpiekniejsze-sukienki-na-wesele-dla-mamy-i-tesciowej-de-marco-szycie-na-miare\/\" title=\"\" rel=\"bookmark\"><time class=\"wp-show-posts-entry-date published\" datetime=\"2026-08-28T15:17:34+00:00\" itemprop=\"datePublished\"><\/time><time class=\"wp-show-posts-updated\" datetime=\"2026-08-29T18:14:14+00:00\" itemprop=\"dateModified\"><\/time><\/a>\n\t\t\t\t<\/span><\/div>\t\t\t\t\t\t<\/header><!-- .entry-header -->\n\t\t\t\t\t\t\t\t\t\t\t<div class=\"wp-show-posts-entry-summary\" itemprop=\"text\">\n\t\t\t\t\t\t\t<p>De Marco szyte na miar\u0119 sukienki na wesele dla mamy i te\u015bciowej Szanowni Pa\u0144stwo, \u015alub dziecka jest jednym z najwa\u017cniejszych i najbardziej wzruszaj\u0105cych dni w \u017cyciu rodzic\u00f3w. To wyj\u0105tkowa uroczysto\u015b\u0107,&#8230;<\/p>\n\t\t\t\t\t\t<\/div><!-- .entry-summary -->\n\t\t\t\t\t<div class=\"wpsp-read-more\"><a title=\"Najpi\u0119kniejsze sukienki na wesele dla mamy i te\u015bciowej \u2013 De Marco szycie na miar\u0119\" class=\"wp-show-posts-read-more\" href=\"https:\/\/www.sklep.demarco.pl\/blog\/najpiekniejsze-sukienki-na-wesele-dla-mamy-i-tesciowej-de-marco-szycie-na-miare\/\">czytaj dalej...<\/a><\/div><\/div><!-- wp-show-posts-inner --><\/article><div class=\"wpsp-clear\"><\/div><\/section><!-- .wp-show-posts --><div class=\"wpsp-load-more\"><span aria-current=\"page\" class=\"page-numbers current\">1<\/span>\n<a class=\"page-numbers\" href=\"https:\/\/www.sklep.demarco.pl\/blog\/wp-json\/wp\/v2\/pages\/3704\/page\/2\/\">2<\/a>\n<span class=\"page-numbers dots\">&hellip;<\/span>\n<a class=\"page-numbers\" href=\"https:\/\/www.sklep.demarco.pl\/blog\/wp-json\/wp\/v2\/pages\/3704\/page\/45\/\">45<\/a>\n<a class=\"next page-numbers\" href=\"https:\/\/www.sklep.demarco.pl\/blog\/wp-json\/wp\/v2\/pages\/3704\/page\/2\/\">Next &rarr;<\/a><\/div>    <\/div>\n<\/div>\n<!-- \/module plain text -->        <\/div>\n                        <\/div>\n        <\/div>\n                        <div  data-css_id=\"6sp4968\" data-lazy=\"1\" class=\"module_row themify_builder_row fullwidth_row_container tb_6sp4968 tf_w\">\n                        <div class=\"row_inner col_align_top tb_col_count_1 tf_box tf_rel\">\n                        <div  data-lazy=\"1\" class=\"module_column tb-column col-full tb_vn8o968 first\">\n                    <div  class=\"module themify_builder_slider_wrap tf_clearfix module-slider tb_masn775  slider-agency  slide-image-fullwidth\" data-lazy=\"1\">\n        <div class=\"themify_builder_slider tf_carousel tf_swiper-container tf_rel tf_overflow\" data-lazy=\"1\"        data-visible=\"1\"\n        data-tab-visible=\"1\"\n        data-mob-visible=\"1\"\n        data-scroll=\"4\"\n                        data-pause_hover=\"1\"\n        data-speed=\"fast\"\n        data-wrapvar=\"0\"\n        data-slider_nav=\"1\"\n        data-pager=\"1\"\n        data-effect=\"scroll\"\n        data-height=\"auto\"\n        data-css_url=\"https:\/\/www.sklep.demarco.pl\/blog\/wp-content\/plugins\/themify-builder\/css\/modules\/sliders\/carousel,https:\/\/www.sklep.demarco.pl\/blog\/wp-content\/plugins\/themify-builder\/css\/modules\/sliders\/slider\"\n                    >\n        <div class=\"tf_swiper-wrapper tf_lazy tf_rel tf_w tf_h tf_textc\">\n                 <div class=\"tf_swiper-slide\">            <div class=\"slide-inner-wrap\">\n                <div class=\"slide-content tb_text_wrap\">\n                    <h4 lang=\"pl\"><strong>Ekskluzywna Odzie\u017c Damska na Zam\u00f3wienie w De Marco<\/strong><\/h4>                <\/div>\n            <\/div>\n        <\/div>             <div class=\"tf_swiper-slide\" style=\"content-visibility:hidden\">            <div class=\"slide-inner-wrap\">\n                <div class=\"slide-content tb_text_wrap\">\n                    <p>W De Marco, oferujemy wyj\u0105tkow\u0105 odzie\u017c damsk\u0105 szyt\u0105 na miar\u0119, kt\u00f3ra podkre\u015bla indywidualny charakter ka\u017cdej kobiety. Nasza kolekcja to po\u0142\u0105czenie elegancji, wygody i unikalno\u015bci.\u00a0<\/p>                <\/div>\n            <\/div>\n        <\/div>             <div class=\"tf_swiper-slide\" style=\"content-visibility:hidden\">            <div class=\"slide-inner-wrap\">\n                <div class=\"slide-content tb_text_wrap\">\n                    <p><strong>\u00a0De Marco\u00a0 <\/strong><a href=\"https:\/\/www.sklep.demarco.pl\" target=\"_blank\" rel=\"noopener\"><strong>SKLEP INTERNETOWY<\/strong><\/a><\/p>\n<p>Nasze kreacje dost\u0119pne s\u0105 w naszym ekskluzywnym sklepie internetowym, gdzie mo\u017cesz znale\u017a\u0107 pi\u0119kne sukienki dla mam panny m\u0142odej lub pana m\u0142odego oraz wiele innych wyj\u0105tkowych stylizacji.<\/p>                <\/div>\n            <\/div>\n        <\/div>             <div class=\"tf_swiper-slide\" style=\"content-visibility:hidden\">            <div class=\"slide-inner-wrap\">\n                <div class=\"slide-content tb_text_wrap\">\n                    <h3>\u00a0De Maco szycie na miar\u0119 on-line Butik z ekskluzywn\u0105 odzie\u017c\u0105 damsk\u0105<\/h3>\n<p><a href=\"https:\/\/www.sklep.demarco.pl\/sukienki\" target=\"_blank\" rel=\"noopener\">Ekskluzywne sukienki<\/a> <a href=\"https:\/\/www.sklep.demarco.pl\/garsonki\" target=\"_blank\" rel=\"noopener\">garsonki<\/a> <a href=\"https:\/\/www.sklep.demarco.pl\/kostiumy\" target=\"_blank\" rel=\"noopener\">kostiumy<\/a> <a href=\"https:\/\/www.sklep.demarco.pl\/garnitury-damskie\" target=\"_blank\" rel=\"noopener\">damskie garnitury\u00a0<\/a><\/p>                <\/div>\n            <\/div>\n        <\/div>             <div class=\"tf_swiper-slide\" style=\"content-visibility:hidden\">            <div class=\"slide-inner-wrap\">\n                <div class=\"slide-content tb_text_wrap\">\n                    <p><strong>Unikatowe Paszcze, Garsonki, Kostiumy i Garnitury:<\/strong> Nasza oferta obejmuje nie tylko sukienki, ale tak\u017ce eleganckie paszcze, garsonki, kostiumy damskie i garnitury damske, kt\u00f3re s\u0105 idealne na r\u00f3\u017cnego rodzaju wydarzenia, pocz\u0105wszy od wesela, poprzez jubileusze i gale, a\u017c po spotkania biznesowe i rodzinne uroczysto\u015bci.<\/p>                <\/div>\n            <\/div>\n        <\/div>             <div class=\"tf_swiper-slide\" style=\"content-visibility:hidden\">            <div class=\"slide-inner-wrap\">\n                <div class=\"slide-content tb_text_wrap\">\n                    <p><strong>Projektantka z Ma\u0142opolski &#8211; Indywidualne Podej\u015bcie:<\/strong> Nasza odzie\u017c jest tworzona przez do\u015bwiadczon\u0105 projektantk\u0119 z Ma\u0142opolski, kt\u00f3ra z pasj\u0105 wk\u0142ada serce i talent w ka\u017cdy projekt. Dzi\u0119ki temu gwarantujemy indywidualne podej\u015bcie do ka\u017cdej klientki.<\/p>                <\/div>\n            <\/div>\n        <\/div>             <div class=\"tf_swiper-slide\" style=\"content-visibility:hidden\">            <div class=\"slide-inner-wrap\">\n                <div class=\"slide-content tb_text_wrap\">\n                    <div id=\"bodyContent\">\n<div id=\"mw-content-text\" dir=\"ltr\" lang=\"pl\">\n<h3>Modna Mama ekskluzywne suknie dla mamy weselnej<\/h3>\n<div>\n<div id=\"Q4aZZNLiGeOJrwTEgKrQBQ__89\">\n<div class=\"wQiwMc related-question-pair\" data-lk=\"GhpqYWthIHN1a2llbmthIGRsYSA1MCBsYXRraQ\" data-q=\"Jakie sukienki po 50 roku \u017cycia?\" data-ved=\"2ahUKEwiSkMnH-eD_AhXjxIsKHUSACloQq7kBKAB6BAheEAA\">\n<div class=\"HYvwY ilulF roMIYb oST1qe g7pt6d h373nd\" data-dic=\"\" data-g=\"\" data-ullb=\"\">\n<div>\n<div class=\"dnXCYb\" tabindex=\"0\" role=\"button\" aria-controls=\"_Q4aZZNLiGeOJrwTEgKrQBQ_67\" aria-expanded=\"false\" data-hveid=\"CF4QAQ\">\n<div class=\"JlqpRe\"><a href=\"https:\/\/www.sklep.demarco.pl\/blog\/sukienki-na-wesele-dla-50-latki\/\" target=\"_blank\" rel=\"noopener\"><span class=\"JCzEY ZwRhJd\"><span class=\"CSkcDe\">Jakie sukienki po 50 roku \u017cycia?<\/span><\/span><\/a><\/div>\n<div class=\"L3Ezfd\" data-ved=\"2ahUKEwiSkMnH-eD_AhXjxIsKHUSACloQuk56BAheEAI\"><a href=\"https:\/\/www.sklep.demarco.pl\/blog\/ekskluzywne-sukienki\/\" target=\"_blank\" rel=\"noopener\">Jakie sukienki dla matki weselnej?<\/a><\/div>\n<\/div>\n<\/div>\n<\/div>\n<\/div>\n<\/div>\n<\/div>\n<div>\n<div id=\"Q4aZZNLiGeOJrwTEgKrQBQ__95\">\n<div class=\"wQiwMc related-question-pair\" data-lk=\"c5NSzErMzkxVKC4FknnZmQopOYkKuYklQFZ5anFqTl5qFgA\" data-q=\"Jakie sukienki dla matki weselnej?\" data-ved=\"2ahUKEwiSkMnH-eD_AhXjxIsKHUSACloQq7kBKAB6BAhlEAA\">\n<div class=\"HYvwY ilulF roMIYb oST1qe g7pt6d h373nd\" data-dic=\"\" data-g=\"\" data-ullb=\"\">\n<div class=\"dnXCYb\" tabindex=\"0\" role=\"button\" aria-controls=\"_Q4aZZNLiGeOJrwTEgKrQBQ_69\" aria-expanded=\"false\" data-hveid=\"CGUQAQ\">\n<div class=\"L3Ezfd\" data-ved=\"2ahUKEwiSkMnH-eD_AhXjxIsKHUSACloQuk56BAhlEAI\"><a href=\"https:\/\/www.sklep.demarco.pl\/blog\/jakie-sukienki-na-wesele-dla-mamy\/\" target=\"_blank\" rel=\"noopener\">Jakie sukienki na wesele dla 60 latki?<\/a><\/div>\n<\/div>\n<\/div>\n<\/div>\n<\/div>\n<\/div>\n<div>\n<div id=\"Q4aZZNLiGeOJrwTEgKrQBQ__101\">\n<div class=\"wQiwMc related-question-pair\" data-lk=\"GiRqYWthIHN1a2llbmthIGRsYSA2MCBsYXRraSBuYSB3ZXNlbGU\" data-q=\"Jakie sukienki na wesele dla 60 latki?\" data-ved=\"2ahUKEwiSkMnH-eD_AhXjxIsKHUSACloQq7kBKAB6BAhjEAA\">\n<div class=\"HYvwY ilulF roMIYb oST1qe g7pt6d h373nd\" data-dic=\"\" data-g=\"\" data-ullb=\"\">\n<div class=\"dnXCYb\" tabindex=\"0\" role=\"button\" aria-controls=\"_Q4aZZNLiGeOJrwTEgKrQBQ_68\" aria-expanded=\"false\" data-hveid=\"CGMQAQ\">\n<div class=\"aj35ze\">\u00a0<\/div>\n<\/div>\n<\/div>\n<\/div>\n<\/div>\n<\/div>\n<\/div>\n<\/div>                <\/div>\n            <\/div>\n        <\/div>             <div class=\"tf_swiper-slide\" style=\"content-visibility:hidden\">            <div class=\"slide-inner-wrap\">\n                <div class=\"slide-content tb_text_wrap\">\n                    <div id=\"bodyContent\">\n<div id=\"mw-content-text\" dir=\"ltr\" lang=\"pl\">\n<p><strong>Podkre\u015blamy Pi\u0119kno Ka\u017cdej Kobiety:<\/strong> W De Marco wierzymy, \u017ce ka\u017cda kobieta jest pi\u0119kna i zas\u0142uguje na odzie\u017c, kt\u00f3ra podkre\u015bli jej wyj\u0105tkowo\u015b\u0107. Nasze kreacje s\u0105 zaprojektowane tak, aby odm\u0142adza\u0107, wyszczupla\u0107 i korygowa\u0107 proporcje figury, niezale\u017cnie od wieku, rozmiaru i sylwetki.<\/p>\n<\/div>\n<\/div>                <\/div>\n            <\/div>\n        <\/div>            <\/div>\n    <\/div>\n<\/div>\n        <\/div>\n                        <\/div>\n        <\/div>\n                        <div  data-css_id=\"6ydz332\" data-lazy=\"1\" class=\"module_row themify_builder_row fullwidth tb_6ydz332 tf_w\">\n                        <div class=\"row_inner col_align_top tb_col_count_1 tf_box tf_rel\">\n                        <div  data-lazy=\"1\" class=\"module_column tb-column col-full tb_coun332 first\">\n                    <!-- module template_part -->\n<div  class=\"module module-layout-part tb_vijf333 \">\n    <div class=\"tb_layout_part_wrap tf_w\"><!--themify_builder_content-->\n    <div  class=\"themify_builder_content themify_builder_content-10264 themify_builder not_editable_builder in_the_loop\" data-postid=\"10264\">\n                        <div  data-lazy=\"1\" class=\"module_row themify_builder_row tb_8d8l914 tf_w\">\n                        <div class=\"row_inner col_align_top tb_col_count_1 tf_box tf_rel\">\n                        <div  data-lazy=\"1\" class=\"module_column tb-column col-full tb_m7y7914 first\">\n                    <!-- module menu -->\n<div  class=\"module module-menu tb_ws48914  mobile-menu-slide\" data-menu-style=\"mobile-menu-slide\" data-menu-breakpoint=\"0\" data-element-id=\"tb_ws48914\" data-lazy=\"1\">\n        \n    <div class=\"module-menu-container\"><ul id=\"menu-sticky-menu-demarco-1\" class=\"ui tf_clearfix nav tf_rel tf_scrollbar menu-bar transparent\"><li class=\"menu-item-custom-3636 menu-item menu-item-type-custom menu-item-object-custom menu-item-3636\"><a href=\"https:\/\/www.sklep.demarco.pl\/pl\/\">SKLEP<\/a><\/li>\n<li class=\"menu-item-page-67 menu-item menu-item-type-post_type menu-item-object-page menu-item-3635\"><a href=\"https:\/\/www.sklep.demarco.pl\/blog\/kontakt\/\">KONTAKT<\/a><\/li>\n<li class=\"menu-item-custom-10831 menu-item menu-item-type-custom menu-item-object-custom menu-item-10831\"><a href=\"#pll_switcher\">J\u0119zyki<\/a><\/li>\n<\/ul><\/div>        <style>\n            .mobile-menu-module[data-module=\"tb_ws48914\"]{\n                right:-300px            }\n        <\/style>\n    <\/div>\n<!-- \/module menu -->\n        <\/div>\n                        <\/div>\n        <\/div>\n            <\/div>\n<!--\/themify_builder_content--><\/div>\n<\/div>\n<!-- \/module template_part --><!-- module template_part -->\n<div  class=\"module module-layout-part tb_vmif333 \">\n    <div class=\"tb_layout_part_wrap tf_w\"><!--themify_builder_content-->\n    <div  class=\"themify_builder_content themify_builder_content-10266 themify_builder not_editable_builder in_the_loop\" data-postid=\"10266\">\n                        <div  data-lazy=\"1\" class=\"module_row themify_builder_row tb_upaz619 tf_w\">\n            <span  class=\"builder_row_cover tf_abs\" data-lazy=\"1\"><\/span>            <div class=\"row_inner col_align_top col_auto_height tb_col_count_3 tf_box tf_rel\">\n                        <div  data-lazy=\"1\" class=\"module_column tb-column col3-1 tb_zac8619 first\">\n                    <!-- module image -->\n<div  class=\"module module-image tb_2rd4619 image-center   tf_mw\" data-lazy=\"1\">\n        <div class=\"image-wrap tf_rel tf_mw\">\n            <img loading=\"lazy\" decoding=\"async\" src=\"https:\/\/www.sklep.demarco.pl\/blog\/wp-content\/uploads\/2022\/06\/signal-2022-06-06-174448_001-281x81.png\" width=\"281\" height=\"81\" class=\"wp-post-image wp-image-7860\" title=\"signal-2022-06-06-174448_001\" alt=\"\">    \n        <\/div>\n    <!-- \/image-wrap -->\n    \n        <\/div>\n<!-- \/module image -->        <\/div>\n                    <div  data-lazy=\"1\" class=\"module_column tb-column col3-1 tb_2ky1619\">\n                    <!-- module text -->\n<div  class=\"module module-text tb_s92w619  repeat \" data-lazy=\"1\">\n        <div  class=\"tb_text_wrap\">\n        <p style=\"text-align: center;\">info@sklep.demarco.pl<br \/>+48 33 879 59 13<br \/>+48 731 309 307<\/p>    <\/div>\n<\/div>\n<!-- \/module text -->        <\/div>\n                    <div  data-lazy=\"1\" class=\"module_column tb-column col3-1 tb_9bki619 last\">\n                    <!-- module widget -->\n<div  class=\"module module-widget tb_67jz619  \" data-lazy=\"1\">\n    <div class=\"widget sfsi\">\t\t<div class=\"sfsi_widget\" data-position=\"widget\" style=\"display:flex;flex-wrap:wrap;justify-content: left\">\n\t\t\t<div id='sfsi_wDiv'><\/div>\n\t\t\t<div class=\"norm_row sfsi_wDiv \"  style=\"width:210px;position:absolute;;text-align:left\"><div style='width:30px; height:30px;margin-left:5px;margin-bottom:5px; ' class='sfsi_wicons shuffeldiv ' ><div class='inerCnt'><a class=' sficn' data-effect='' target='_blank'  href='https:\/\/www.facebook.com\/DeMarco.Styl' id='sfsiid_facebook_icon' style='width:30px;height:30px;opacity:1;'  ><img data-pin-nopin='true' alt='Odwied\u017a Nas' title='Odwied\u017a Nas' src='https:\/\/www.sklep.demarco.pl\/blog\/wp-content\/uploads\/2016\/12\/\/custom_iconfacebook_skin.png' width='30' height='30' style='' class='sfcm sfsi_wicon ' data-effect=''   \/><\/a><\/div><\/div><div style='width:30px; height:30px;margin-left:5px;margin-bottom:5px; ' class='sfsi_wicons shuffeldiv ' ><div class='inerCnt'><a class=' sficn' data-effect='' target='_blank'  href='https:\/\/twitter.com\/fraczekwladysla' id='sfsiid_twitter_icon' style='width:30px;height:30px;opacity:1;'  ><img data-pin-nopin='true' alt='Twitter' title='Twitter' src='https:\/\/www.sklep.demarco.pl\/blog\/wp-content\/uploads\/2016\/12\/\/custom_icontwitter_skin.png' width='30' height='30' style='' class='sfcm sfsi_wicon ' data-effect=''   \/><\/a><\/div><\/div><div style='width:30px; height:30px;margin-left:5px;margin-bottom:5px; ' class='sfsi_wicons shuffeldiv ' ><div class='inerCnt'><a class=' sficn' data-effect='' target='_blank'  href='https:\/\/www.youtube.com\/channel\/UCq_m9AOUTFqk7c9sbWNiQ_A' id='sfsiid_youtube_icon' style='width:30px;height:30px;opacity:1;'  ><img data-pin-nopin='true' alt='' title='' src='https:\/\/www.sklep.demarco.pl\/blog\/wp-content\/uploads\/2016\/12\/\/custom_iconyoutube_skin.png' width='30' height='30' style='' class='sfcm sfsi_wicon ' data-effect=''   \/><\/a><\/div><\/div><div style='width:30px; height:30px;margin-left:5px;margin-bottom:5px; ' class='sfsi_wicons shuffeldiv ' ><div class='inerCnt'><a class=' sficn' data-effect='' target='_blank'  href='https:\/\/pl.pinterest.com\/luxury_fashion' id='sfsiid_pinterest_icon' style='width:30px;height:30px;opacity:1;'  ><img data-pin-nopin='true' alt='' title='' src='https:\/\/www.sklep.demarco.pl\/blog\/wp-content\/uploads\/2016\/12\/\/custom_iconpintrest_skin.png' width='30' height='30' style='' class='sfcm sfsi_wicon ' data-effect=''   \/><\/a><\/div><\/div><div style='width:30px; height:30px;margin-left:5px;margin-bottom:5px; ' class='sfsi_wicons shuffeldiv ' ><div class='inerCnt'><a class=' sficn' data-effect='' target='_blank'  href='https:\/\/www.instagram.com\/de_marco_styl\/' id='sfsiid_instagram_icon' style='width:30px;height:30px;opacity:1;'  ><img data-pin-nopin='true' alt='' title='' src='https:\/\/www.sklep.demarco.pl\/blog\/wp-content\/uploads\/2016\/12\/\/custom_iconinstagram_skin.png' width='30' height='30' style='' class='sfcm sfsi_wicon ' data-effect=''   \/><\/a><\/div><\/div><div style='width:30px; height:30px;margin-left:5px;margin-bottom:5px; ' class='sfsi_wicons shuffeldiv cmcls' ><div class='inerCnt'><a class=' sficn' data-effect='' target='_blank'  href='https:\/\/www.tiktok.com\/@de_marco_styl' id='sfsiid_custom_icon' style='width:30px;height:30px;opacity:1;'  ><img data-pin-nopin='true' alt='' title='' src='https:\/\/www.sklep.demarco.pl\/blog\/wp-content\/uploads\/2023\/06\/custom_icon0.png' width='30' height='30' style='' class='sfcm sfsi_wicon ' data-effect=''   \/><\/a><\/div><\/div><\/div ><div id=\"sfsi_holder\" class=\"sfsi_holders\" style=\"position: relative; float: left;width:100%;z-index:-1;\"><\/div ><script>window.addEventListener(\"sfsi_functions_loaded\", function()\n\t\t\t{\n\t\t\t\tif (typeof sfsi_widget_set == \"function\") {\n\t\t\t\t\tsfsi_widget_set();\n\t\t\t\t}\n\t\t\t}); <\/script>\t\t\t<div style=\"clear: both;\"><\/div>\n\t\t<\/div>\n\t<\/div><\/div>\n<!-- \/module widget -->\n        <\/div>\n                        <\/div>\n        <\/div>\n            <\/div>\n<!--\/themify_builder_content--><\/div>\n<\/div>\n<!-- \/module template_part -->        <\/div>\n                        <\/div>\n        <\/div>\n        <\/div>\n<!--\/themify_builder_content--><\/div>\n<\/div>","protected":false},"excerpt":{"rendered":"","protected":false},"author":1,"featured_media":0,"parent":0,"menu_order":0,"comment_status":"closed","ping_status":"closed","template":"blank","meta":{"footnotes":"","_links_to":"","_links_to_target":""},"class_list":["post-3704","page","type-page","status-publish","hentry"],"yoast_head":"<!-- This site is optimized with the Yoast SEO plugin v28.4 - https:\/\/yoast.com\/product\/yoast-seo-wordpress\/ -->\n<title>Luksusowa polska marka ekskluzywne sukienki garsonki kostiumy<\/title>\n<meta name=\"description\" content=\"Luksusowa polska marka SKLEP on-line. Ekskluzywne sukienki, suknie, garsonki i kostiumy damskie, garnitury\u00a0ze spodniami\" \/>\n<meta name=\"robots\" content=\"index, follow, max-snippet:-1, max-image-preview:large, max-video-preview:-1\" \/>\n<link rel=\"canonical\" href=\"https:\/\/www.sklep.demarco.pl\/blog\/\" \/>\n<meta property=\"og:locale\" content=\"pl_PL\" \/>\n<meta property=\"og:type\" content=\"article\" \/>\n<meta property=\"og:title\" content=\"Luksusowa polska marka ekskluzywne sukienki garsonki kostiumy\" \/>\n<meta property=\"og:description\" content=\"Luksusowa polska marka SKLEP on-line. Ekskluzywne sukienki, suknie, garsonki i kostiumy damskie, garnitury\u00a0ze spodniami\" \/>\n<meta property=\"og:url\" content=\"https:\/\/www.sklep.demarco.pl\/blog\/\" \/>\n<meta property=\"og:site_name\" content=\"De Marco\" \/>\n<meta property=\"article:publisher\" content=\"https:\/\/www.facebook.com\/DeMarco.Styl\" \/>\n<meta property=\"article:modified_time\" content=\"2024-02-20T10:29:07+00:00\" \/>\n<meta property=\"og:image\" content=\"https:\/\/www.sklep.demarco.pl\/blog\/wp-content\/uploads\/2022\/06\/signal-2022-06-06-174448_001-281x81.png\" \/>\n<meta name=\"twitter:label1\" content=\"Szacowany czas czytania\" \/>\n\t<meta name=\"twitter:data1\" content=\"7 minut\" \/>\n<script type=\"application\/ld+json\" class=\"yoast-schema-graph\">{\"@context\":\"https:\\\/\\\/schema.org\",\"@graph\":[{\"@type\":\"WebPage\",\"@id\":\"https:\\\/\\\/www.sklep.demarco.pl\\\/blog\\\/\",\"url\":\"https:\\\/\\\/www.sklep.demarco.pl\\\/blog\\\/\",\"name\":\"Luksusowa polska marka ekskluzywne sukienki garsonki kostiumy\",\"isPartOf\":{\"@id\":\"https:\\\/\\\/www.sklep.demarco.pl\\\/blog\\\/#website\"},\"primaryImageOfPage\":{\"@id\":\"https:\\\/\\\/www.sklep.demarco.pl\\\/blog\\\/#primaryimage\"},\"image\":{\"@id\":\"https:\\\/\\\/www.sklep.demarco.pl\\\/blog\\\/#primaryimage\"},\"thumbnailUrl\":\"https:\\\/\\\/www.sklep.demarco.pl\\\/blog\\\/wp-content\\\/uploads\\\/2022\\\/06\\\/signal-2022-06-06-174448_001-281x81.png\",\"datePublished\":\"2016-12-23T18:32:19+00:00\",\"dateModified\":\"2024-02-20T10:29:07+00:00\",\"description\":\"Luksusowa polska marka SKLEP on-line. Ekskluzywne sukienki, suknie, garsonki i kostiumy damskie, garnitury\u00a0ze spodniami\",\"breadcrumb\":{\"@id\":\"https:\\\/\\\/www.sklep.demarco.pl\\\/blog\\\/#breadcrumb\"},\"inLanguage\":\"pl-PL\",\"potentialAction\":[{\"@type\":\"ReadAction\",\"target\":[\"https:\\\/\\\/www.sklep.demarco.pl\\\/blog\\\/\"]}]},{\"@type\":\"ImageObject\",\"inLanguage\":\"pl-PL\",\"@id\":\"https:\\\/\\\/www.sklep.demarco.pl\\\/blog\\\/#primaryimage\",\"url\":\"https:\\\/\\\/www.sklep.demarco.pl\\\/blog\\\/wp-content\\\/uploads\\\/2022\\\/06\\\/signal-2022-06-06-174448_001.png\",\"contentUrl\":\"https:\\\/\\\/www.sklep.demarco.pl\\\/blog\\\/wp-content\\\/uploads\\\/2022\\\/06\\\/signal-2022-06-06-174448_001.png\",\"width\":248,\"height\":81},{\"@type\":\"BreadcrumbList\",\"@id\":\"https:\\\/\\\/www.sklep.demarco.pl\\\/blog\\\/#breadcrumb\",\"itemListElement\":[{\"@type\":\"ListItem\",\"position\":1,\"name\":\"Strona g\u0142\u00f3wna\",\"item\":\"https:\\\/\\\/www.sklep.demarco.pl\\\/blog\\\/\"},{\"@type\":\"ListItem\",\"position\":2,\"name\":\"METAMORFOZA\"}]},{\"@type\":\"WebSite\",\"@id\":\"https:\\\/\\\/www.sklep.demarco.pl\\\/blog\\\/#website\",\"url\":\"https:\\\/\\\/www.sklep.demarco.pl\\\/blog\\\/\",\"name\":\"De Marco\",\"description\":\"The finest women&#039;s clothing manufacturer\",\"potentialAction\":[{\"@type\":\"SearchAction\",\"target\":{\"@type\":\"EntryPoint\",\"urlTemplate\":\"https:\\\/\\\/www.sklep.demarco.pl\\\/blog\\\/?s={search_term_string}\"},\"query-input\":{\"@type\":\"PropertyValueSpecification\",\"valueRequired\":true,\"valueName\":\"search_term_string\"}}],\"inLanguage\":\"pl-PL\"}]}<\/script>\n<!-- \/ Yoast SEO plugin. -->","yoast_head_json":{"title":"Luksusowa polska marka ekskluzywne sukienki garsonki kostiumy","description":"Luksusowa polska marka SKLEP on-line. Ekskluzywne sukienki, suknie, garsonki i kostiumy damskie, garnitury\u00a0ze spodniami","robots":{"index":"index","follow":"follow","max-snippet":"max-snippet:-1","max-image-preview":"max-image-preview:large","max-video-preview":"max-video-preview:-1"},"canonical":"https:\/\/www.sklep.demarco.pl\/blog\/","og_locale":"pl_PL","og_type":"article","og_title":"Luksusowa polska marka ekskluzywne sukienki garsonki kostiumy","og_description":"Luksusowa polska marka SKLEP on-line. Ekskluzywne sukienki, suknie, garsonki i kostiumy damskie, garnitury\u00a0ze spodniami","og_url":"https:\/\/www.sklep.demarco.pl\/blog\/","og_site_name":"De Marco","article_publisher":"https:\/\/www.facebook.com\/DeMarco.Styl","article_modified_time":"2024-02-20T10:29:07+00:00","og_image":[{"url":"https:\/\/www.sklep.demarco.pl\/blog\/wp-content\/uploads\/2022\/06\/signal-2022-06-06-174448_001-281x81.png","type":"","width":"","height":""}],"twitter_misc":{"Szacowany czas czytania":"7 minut"},"schema":{"@context":"https:\/\/schema.org","@graph":[{"@type":"WebPage","@id":"https:\/\/www.sklep.demarco.pl\/blog\/","url":"https:\/\/www.sklep.demarco.pl\/blog\/","name":"Luksusowa polska marka ekskluzywne sukienki garsonki kostiumy","isPartOf":{"@id":"https:\/\/www.sklep.demarco.pl\/blog\/#website"},"primaryImageOfPage":{"@id":"https:\/\/www.sklep.demarco.pl\/blog\/#primaryimage"},"image":{"@id":"https:\/\/www.sklep.demarco.pl\/blog\/#primaryimage"},"thumbnailUrl":"https:\/\/www.sklep.demarco.pl\/blog\/wp-content\/uploads\/2022\/06\/signal-2022-06-06-174448_001-281x81.png","datePublished":"2016-12-23T18:32:19+00:00","dateModified":"2024-02-20T10:29:07+00:00","description":"Luksusowa polska marka SKLEP on-line. Ekskluzywne sukienki, suknie, garsonki i kostiumy damskie, garnitury\u00a0ze spodniami","breadcrumb":{"@id":"https:\/\/www.sklep.demarco.pl\/blog\/#breadcrumb"},"inLanguage":"pl-PL","potentialAction":[{"@type":"ReadAction","target":["https:\/\/www.sklep.demarco.pl\/blog\/"]}]},{"@type":"ImageObject","inLanguage":"pl-PL","@id":"https:\/\/www.sklep.demarco.pl\/blog\/#primaryimage","url":"https:\/\/www.sklep.demarco.pl\/blog\/wp-content\/uploads\/2022\/06\/signal-2022-06-06-174448_001.png","contentUrl":"https:\/\/www.sklep.demarco.pl\/blog\/wp-content\/uploads\/2022\/06\/signal-2022-06-06-174448_001.png","width":248,"height":81},{"@type":"BreadcrumbList","@id":"https:\/\/www.sklep.demarco.pl\/blog\/#breadcrumb","itemListElement":[{"@type":"ListItem","position":1,"name":"Strona g\u0142\u00f3wna","item":"https:\/\/www.sklep.demarco.pl\/blog\/"},{"@type":"ListItem","position":2,"name":"METAMORFOZA"}]},{"@type":"WebSite","@id":"https:\/\/www.sklep.demarco.pl\/blog\/#website","url":"https:\/\/www.sklep.demarco.pl\/blog\/","name":"De Marco","description":"The finest women&#039;s clothing manufacturer","potentialAction":[{"@type":"SearchAction","target":{"@type":"EntryPoint","urlTemplate":"https:\/\/www.sklep.demarco.pl\/blog\/?s={search_term_string}"},"query-input":{"@type":"PropertyValueSpecification","valueRequired":true,"valueName":"search_term_string"}}],"inLanguage":"pl-PL"}]}},"jetpack_sharing_enabled":true,"builder_content":"<a href=\"https:\/\/www.sklep.demarco.pl\/blog\"> <img src=\"https:\/\/www.sklep.demarco.pl\/blog\/wp-content\/uploads\/2022\/06\/signal-2022-06-06-174448_001-281x81.png\" width=\"281\" height=\"81\" title=\"signal-2022-06-06-174448_001\" alt=\"\"> <\/a>\n<ul id=\"menu-sticky-menu-demarco-2\"><li><a href=\"https:\/\/www.sklep.demarco.pl\/pl\/\">SKLEP<\/a><\/li> <li><a href=\"https:\/\/www.sklep.demarco.pl\/blog\/kontakt\/\">KONTAKT<\/a><\/li> <li><a href=\"#pll_switcher\">J\u0119zyki<\/a><\/li> <\/ul>\n\n\n[wp_show_posts id=\"3713\"]\n<h4 lang=\"pl\"><strong>Ekskluzywna Odzie\u017c Damska na Zam\u00f3wienie w De Marco<\/strong><\/h4> <p>W De Marco, oferujemy wyj\u0105tkow\u0105 odzie\u017c damsk\u0105 szyt\u0105 na miar\u0119, kt\u00f3ra podkre\u015bla indywidualny charakter ka\u017cdej kobiety. Nasza kolekcja to po\u0142\u0105czenie elegancji, wygody i unikalno\u015bci.\u00a0<\/p> <p><strong>\u00a0De Marco\u00a0 <\/strong><a href=\"https:\/\/www.sklep.demarco.pl\" target=\"_blank\" rel=\"noopener\"><strong>SKLEP INTERNETOWY<\/strong><\/a><\/p> <p>Nasze kreacje dost\u0119pne s\u0105 w naszym ekskluzywnym sklepie internetowym, gdzie mo\u017cesz znale\u017a\u0107 pi\u0119kne sukienki dla mam panny m\u0142odej lub pana m\u0142odego oraz wiele innych wyj\u0105tkowych stylizacji.<\/p> <h3>\u00a0De Maco szycie na miar\u0119 on-line Butik z ekskluzywn\u0105 odzie\u017c\u0105 damsk\u0105<\/h3> <p><a href=\"https:\/\/www.sklep.demarco.pl\/sukienki\" target=\"_blank\" rel=\"noopener\">Ekskluzywne sukienki<\/a> <a href=\"https:\/\/www.sklep.demarco.pl\/garsonki\" target=\"_blank\" rel=\"noopener\">garsonki<\/a> <a href=\"https:\/\/www.sklep.demarco.pl\/kostiumy\" target=\"_blank\" rel=\"noopener\">kostiumy<\/a> <a href=\"https:\/\/www.sklep.demarco.pl\/garnitury-damskie\" target=\"_blank\" rel=\"noopener\">damskie garnitury\u00a0<\/a><\/p> <p><strong>Unikatowe Paszcze, Garsonki, Kostiumy i Garnitury:<\/strong> Nasza oferta obejmuje nie tylko sukienki, ale tak\u017ce eleganckie paszcze, garsonki, kostiumy damskie i garnitury damske, kt\u00f3re s\u0105 idealne na r\u00f3\u017cnego rodzaju wydarzenia, pocz\u0105wszy od wesela, poprzez jubileusze i gale, a\u017c po spotkania biznesowe i rodzinne uroczysto\u015bci.<\/p> <p><strong>Projektantka z Ma\u0142opolski - Indywidualne Podej\u015bcie:<\/strong> Nasza odzie\u017c jest tworzona przez do\u015bwiadczon\u0105 projektantk\u0119 z Ma\u0142opolski, kt\u00f3ra z pasj\u0105 wk\u0142ada serce i talent w ka\u017cdy projekt. Dzi\u0119ki temu gwarantujemy indywidualne podej\u015bcie do ka\u017cdej klientki.<\/p> \n<h3>Modna Mama ekskluzywne suknie dla mamy weselnej<\/h3>\n<a href=\"https:\/\/www.sklep.demarco.pl\/blog\/sukienki-na-wesele-dla-50-latki\/\" target=\"_blank\" rel=\"noopener\">Jakie sukienki po 50 roku \u017cycia?<\/a> <a href=\"https:\/\/www.sklep.demarco.pl\/blog\/ekskluzywne-sukienki\/\" target=\"_blank\" rel=\"noopener\">Jakie sukienki dla matki weselnej?<\/a>\n<a href=\"https:\/\/www.sklep.demarco.pl\/blog\/jakie-sukienki-na-wesele-dla-mamy\/\" target=\"_blank\" rel=\"noopener\">Jakie sukienki na wesele dla 60 latki?<\/a>\n\u00a0\n \n<p><strong>Podkre\u015blamy Pi\u0119kno Ka\u017cdej Kobiety:<\/strong> W De Marco wierzymy, \u017ce ka\u017cda kobieta jest pi\u0119kna i zas\u0142uguje na odzie\u017c, kt\u00f3ra podkre\u015bli jej wyj\u0105tkowo\u015b\u0107. Nasze kreacje s\u0105 zaprojektowane tak, aby odm\u0142adza\u0107, wyszczupla\u0107 i korygowa\u0107 proporcje figury, niezale\u017cnie od wieku, rozmiaru i sylwetki.<\/p>","_links":{"self":[{"href":"https:\/\/www.sklep.demarco.pl\/blog\/wp-json\/wp\/v2\/pages\/3704","targetHints":{"allow":["GET"]}}],"collection":[{"href":"https:\/\/www.sklep.demarco.pl\/blog\/wp-json\/wp\/v2\/pages"}],"about":[{"href":"https:\/\/www.sklep.demarco.pl\/blog\/wp-json\/wp\/v2\/types\/page"}],"author":[{"embeddable":true,"href":"https:\/\/www.sklep.demarco.pl\/blog\/wp-json\/wp\/v2\/users\/1"}],"replies":[{"embeddable":true,"href":"https:\/\/www.sklep.demarco.pl\/blog\/wp-json\/wp\/v2\/comments?post=3704"}],"version-history":[{"count":0,"href":"https:\/\/www.sklep.demarco.pl\/blog\/wp-json\/wp\/v2\/pages\/3704\/revisions"}],"wp:attachment":[{"href":"https:\/\/www.sklep.demarco.pl\/blog\/wp-json\/wp\/v2\/media?parent=3704"}],"curies":[{"name":"wp","href":"https:\/\/api.w.org\/{rel}","templated":true}]}}